{"id":83658,"date":"2020-05-25T10:01:42","date_gmt":"2020-05-25T09:01:42","guid":{"rendered":"https:\/\/tunels.cat\/?page_id=83658"},"modified":"2021-07-16T08:31:49","modified_gmt":"2021-07-16T07:31:49","slug":"historia-del-tunel-del-cadi","status":"publish","type":"page","link":"https:\/\/tunels.cat\/es\/empresa\/historia-del-tunel-del-cadi\/","title":{"rendered":"Historia del T\u00fanel del Cad\u00ed"},"content":{"rendered":"<div class=\"wpb-content-wrapper\"><p>[vc_row row_height_percent=\u00bb50&#8243; override_padding=\u00bbyes\u00bb h_padding=\u00bb0&#8243; top_padding=\u00bb2&#8243; bottom_padding=\u00bb0&#8243; overlay_alpha=\u00bb50&#8243; gutter_size=\u00bb4&#8243; column_width_percent=\u00bb100&#8243; shift_y=\u00bb0&#8243; z_index=\u00bb0&#8243; el_class=\u00bbinverted-device-order\u00bb][vc_column column_width_use_pixel=\u00bbyes\u00bb position_vertical=\u00bbmiddle\u00bb gutter_size=\u00bb3&#8243; overlay_alpha=\u00bb50&#8243; shift_x=\u00bb0&#8243; shift_y=\u00bb0&#8243; shift_y_down=\u00bb0&#8243; z_index=\u00bb0&#8243; medium_width=\u00bb0&#8243; mobile_width=\u00bb0&#8243; width=\u00bb1\/1&#8243; el_class=\u00bbcol-md col-sm\u00bb][vc_custom_heading text_color=\u00bbcolor-569169&#8243;]Historia del T\u00fanel del Cad\u00ed[\/vc_custom_heading][vc_single_image media=\u00bb82840&#8243; media_width_percent=\u00bb100&#8243; media_ratio=\u00bbfour-three\u00bb el_class=\u00bbfull-width\u00bb][vc_column_text]La historia del t\u00fanel del Cad\u00ed se remonta a <strong>principios del siglo XX.<\/strong> Ya entonces, los habitantes del Alt Bergued\u00e0 ten\u00edan la urgente necesidad socioecon\u00f3mica de comunicarse con la Cerdanya. Prueba de ello es la solicitud presentada al Rey Alfonso XIII, en octubre de 1908, para la construcci\u00f3n de un t\u00fanel que facilitara la comunicaci\u00f3n entre las comarcas de Bergued\u00e0 y la Cerdanya.[\/vc_column_text][vc_column_text]Que esta solicitud ten\u00eda una firmeza muy consistente se manifiesta en el hecho de que \u00e9sta fuera acompa\u00f1ada de un proyecto redactado por el barcelon\u00e9s En Gon\u00e7al Moragas y Barret, Ingeniero de Caminos, Canales y Puertos, y director de Obras P\u00fablicas, probablemente de la Diputaci\u00f3n de Barcelona.[\/vc_column_text][vc_single_image media=\u00bb83253&#8243; media_width_percent=\u00bb100&#8243; el_class=\u00bbfull-width\u00bb][\/vc_column][\/vc_row][vc_row row_height_percent=\u00bb50&#8243; override_padding=\u00bbyes\u00bb h_padding=\u00bb0&#8243; top_padding=\u00bb0&#8243; bottom_padding=\u00bb0&#8243; overlay_alpha=\u00bb50&#8243; gutter_size=\u00bb4&#8243; column_width_percent=\u00bb100&#8243; shift_y=\u00bb0&#8243; z_index=\u00bb0&#8243;][vc_column column_width_use_pixel=\u00bbyes\u00bb position_vertical=\u00bbmiddle\u00bb gutter_size=\u00bb3&#8243; overlay_alpha=\u00bb50&#8243; shift_x=\u00bb0&#8243; shift_y=\u00bb0&#8243; shift_y_down=\u00bb0&#8243; z_index=\u00bb0&#8243; medium_width=\u00bb0&#8243; mobile_width=\u00bb0&#8243; width=\u00bb1\/1&#8243; column_width_pixel=\u00bb900&#8243;][vc_empty_space empty_h=\u00bb1&#8243;][vc_column_text]La primera referencia de una iniciativa para construir un t\u00fanel en la Sierra del Cad\u00ed la constituye el borrador de la carta que, con fecha <strong>26 de febrero de 1909<\/strong>, Ram\u00f3n Boixader, en aquel entonces alcalde de Sant Juli\u00e0 de Cerdanyola, hab\u00eda dirigido el capit\u00e1n general de Catalu\u00f1a, En Arseni Linares, y en la que se insist\u00eda sobre la necesidad de una carretera directa con la Cerdanya atravesando en t\u00fanel el Coll de Jou.<\/p>\n<p>Sin embargo, no es <strong>hasta 1969<\/strong> que la iniciativa toma cuerpo, mediante la solicitud de la Sociedad Promociones Pirinaicas, SA el ministerio de Obras P\u00fablicas, de la concesi\u00f3n para el proyecto de construcci\u00f3n y explotaci\u00f3n en r\u00e9gimen de peaje del T\u00fanel del Cad\u00ed y accesos para completar la antigua carretera C-1411 de Esparraguera en Bellver.[\/vc_column_text][vc_column_text]<strong>En 1980<\/strong> se crea la empresa Infraestructuras de Catalu\u00f1a, SA con participaci\u00f3n mayoritaria de diversas Cajas de Ahorro y dem\u00e1s entidades catalanas y particulares, y en julio del mismo a\u00f1o se adjudican las contratas correspondientes a obra civil del t\u00fanel y accesos. Un a\u00f1o despu\u00e9s comienzan los trabajos preparatorios y, en <strong>enero de 1982<\/strong>, se comienza la perforaci\u00f3n. Finalmente, el <strong>30 de octubre de 1984<\/strong>, el T\u00fanel del Cad\u00ed y sus principales accesos entran en funcionamiento.<\/p>\n<p>El <strong>22 de marzo de 1985<\/strong>, se ampli\u00f3 los t\u00e9rminos de la Concesi\u00f3n Administrativa, incorporando la prolongaci\u00f3n del acceso norte desde Alp hasta su conexi\u00f3n con la carretera N-152.[\/vc_column_text][\/vc_column][\/vc_row][vc_row][vc_column width=\u00bb1\/1&#8243;][vc_gallery el_id=\u00bbgallery-404972&#8243; medias=\u00bb83251,83252,83253,83254,83255,82848,82847,82841&#8243; gutter_size=\u00bb3&#8243; screen_lg=\u00bb1000&#8243; screen_md=\u00bb600&#8243; screen_sm=\u00bb480&#8243; single_overlay_opacity=\u00bb50&#8243; single_padding=\u00bb2&#8243;][\/vc_column][\/vc_row]<\/p>\n<\/div>","protected":false},"excerpt":{"rendered":"<p>[vc_row row_height_percent=\u00bb50&#8243; override_padding=\u00bbyes\u00bb h_padding=\u00bb0&#8243; top_padding=\u00bb2&#8243; bottom_padding=\u00bb0&#8243; overlay_alpha=\u00bb50&#8243; gutter_size=\u00bb4&#8243; column_width_percent=\u00bb100&#8243; shift_y=\u00bb0&#8243; z_index=\u00bb0&#8243; el_class=\u00bbinverted-device-order\u00bb][vc_column column_width_use_pixel=\u00bbyes\u00bb position_vertical=\u00bbmiddle\u00bb gutter_size=\u00bb3&#8243; overlay_alpha=\u00bb50&#8243; shift_x=\u00bb0&#8243; shift_y=\u00bb0&#8243; shift_y_down=\u00bb0&#8243; z_index=\u00bb0&#8243; [&hellip;]<\/p>\n","protected":false},"author":1,"featured_media":0,"parent":83652,"menu_order":40,"comment_status":"closed","ping_status":"closed","template":"","meta":{"footnotes":""},"_links":{"self":[{"href":"https:\/\/tunels.cat\/es\/wp-json\/wp\/v2\/pages\/83658"}],"collection":[{"href":"https:\/\/tunels.cat\/es\/wp-json\/wp\/v2\/pages"}],"about":[{"href":"https:\/\/tunels.cat\/es\/wp-json\/wp\/v2\/types\/page"}],"author":[{"embeddable":true,"href":"https:\/\/tunels.cat\/es\/wp-json\/wp\/v2\/users\/1"}],"replies":[{"embeddable":true,"href":"https:\/\/tunels.cat\/es\/wp-json\/wp\/v2\/comments?post=83658"}],"version-history":[{"count":5,"href":"https:\/\/tunels.cat\/es\/wp-json\/wp\/v2\/pages\/83658\/revisions"}],"predecessor-version":[{"id":84870,"href":"https:\/\/tunels.cat\/es\/wp-json\/wp\/v2\/pages\/83658\/revisions\/84870"}],"up":[{"embeddable":true,"href":"https:\/\/tunels.cat\/es\/wp-json\/wp\/v2\/pages\/83652"}],"wp:attachment":[{"href":"https:\/\/tunels.cat\/es\/wp-json\/wp\/v2\/media?parent=83658"}],"curies":[{"name":"wp","href":"https:\/\/api.w.org\/{rel}","templated":true}]}}