{"id":83667,"date":"2020-05-25T10:10:43","date_gmt":"2020-05-25T09:10:43","guid":{"rendered":"https:\/\/tunels.cat\/?page_id=83667"},"modified":"2024-02-19T09:47:16","modified_gmt":"2024-02-19T07:47:16","slug":"aviso-legal-politica-de-privacidad","status":"publish","type":"page","link":"https:\/\/tunels.cat\/es\/aviso-legal-politica-de-privacidad\/","title":{"rendered":"Aviso legal \/ Pol\u00edtica de privacidad"},"content":{"rendered":"<div class=\"wpb-content-wrapper\"><p>[vc_row row_height_percent=\u00bb0&#8243; overlay_alpha=\u00bb50&#8243; gutter_size=\u00bb3&#8243; column_width_percent=\u00bb100&#8243; shift_y=\u00bb0&#8243; z_index=\u00bb0&#8243; medium_visibility=\u00bbyes\u00bb mobile_visibility=\u00bbyes\u00bb][vc_column column_width_percent=\u00bb100&#8243; gutter_size=\u00bb3&#8243; overlay_alpha=\u00bb50&#8243; shift_x=\u00bb0&#8243; shift_y=\u00bb0&#8243; shift_y_down=\u00bb0&#8243; z_index=\u00bb0&#8243; medium_width=\u00bb0&#8243; mobile_width=\u00bb0&#8243; width=\u00bb1\/1&#8243;][vc_tabs vertical=\u00bbyes\u00bb history=\u00bbyes\u00bb el_class=\u00bbavislegalmenuvertical\u00bb][vc_tab gutter_size=\u00bb2&#8243; column_padding=\u00bb2&#8243; title=\u00bbAviso legal\u00bb tab_id=\u00bb1575493664-1-39&#8243; slug=\u00bbaviso-legal\u00bb][vc_column_text uncode_shortcode_id=\u00bb578817&#8243;]<\/p>\n<h3>AVISO LEGAL<\/h3>\n<p>El acceso a la web de<strong>\u00a0T\u00fanels de Barcelona i Cad\u00ed, Concession\u00e0ria de la Generalitat de Catalunya, S.A.<\/strong>\u00a0(en adelante\u00a0<strong>T\u00fanels<\/strong>) y la informaci\u00f3n relativa a cualesquiera de los productos y servicios contenidos en la misma comporta la sumisi\u00f3n y la aceptaci\u00f3n de las condiciones previstas en el presente Aviso Legal. Por ello, te recomendamos que leas atentamente su contenido si deseas acceder y hacer uso de la informaci\u00f3n y los servicios ofrecidos en la web de\u00a0<strong>T\u00fanels<\/strong>.<\/p>\n<p>Las condiciones recogidas a continuaci\u00f3n son las vigentes desde la fecha de su \u00faltima actualizaci\u00f3n. No obstante,\u00a0<strong>T\u00fanels\u00a0<\/strong>se reserva el derecho a actualizar, modificar, o eliminar en cualquier momento la informaci\u00f3n contenida en su web, pudiendo incluso limitar o no permitir el acceso a dicha informaci\u00f3n sin previo aviso, especialmente cuando surjan dificultades t\u00e9cnicas que a criterio de\u00a0<strong>T\u00fanels\u00a0<\/strong>disminuyan o anulen los niveles de seguridad est\u00e1ndares adoptados para el adecuado funcionamiento.<\/p>\n<p>1.- Titularidad de la web<\/p>\n<p>La presente p\u00e1gina web es titularidad de\u00a0<strong>T\u00fanels de Barcelona i Cad\u00ed, Concession\u00e0ria de la Generalitat de Catalunya, S.A.<\/strong>, compa\u00f1\u00eda espa\u00f1ola con domicilio en Carretera de Vallvidrera a Sant Cugat del Vall\u00e8s, BV-1462, PK 5,3, con n\u00famero de identificaci\u00f3n fiscal A-65931412 e inscrita en el Registro Mercantil de Barcelona, en fecha 18 de desembre\u00a0de 2012, hoja B-431.237, folio 83, tomo 43315, inscripci\u00f3n 1a.<\/p>\n<p>La direcci\u00f3n de correo electr\u00f3nico para este sitio en Internet es\u00a0<a href=\"mailto:tunels@tunels.cat\">tunels@tunels.cat<\/a>.<\/p>\n<p>3.- Responsabilidades<\/p>\n<p><strong>T\u00fanels\u00a0<\/strong>no garantiza el acceso continuado, ni la correcta visualizaci\u00f3n, descarga o utilidad de los elementos e informaci\u00f3n contenidos en la web de\u00a0<strong>T\u00fanels,\u00a0<\/strong>que pueden verse impedidos, dificultados o interrumpidos por factores o circunstancias fuera de su control.<\/p>\n<p><strong>T\u00fanels\u00a0<\/strong>no es responsable de la informaci\u00f3n y dem\u00e1s contenidos integrados en espacios o p\u00e1ginas web de terceros accesibles desde la web de\u00a0<strong>T\u00fanels\u00a0<\/strong>mediante enlaces, hiperv\u00ednculos o links, ni de la informaci\u00f3n y contenidos de cualquier p\u00e1gina web de terceros que se presente bajo la apariencia o signos distintivos de\u00a0<strong>T\u00fanels.<\/strong><\/p>\n<p><strong>T\u00fanels\u00a0<\/strong>no asume responsabilidad alguna con relaci\u00f3n a la informaci\u00f3n, contenidos de todo tipo, productos y servicios ofertados o prestados a trav\u00e9s de la web de\u00a0<strong>T\u00fanels\u00a0<\/strong>por terceras personas o entidades, aunque pertenezcan a su mismo Grupo econ\u00f3mico, y en especial por los da\u00f1os y perjuicios de cualquier tipo que vinculados a lo anterior puedan producirse por: (i) ausencia o deficiencias en la informaci\u00f3n facilitada a los usuarios o en su veracidad, exactitud y suficiencia; (ii) incumplimiento o cumplimiento defectuoso o impuntual de los contratos o relaciones precontractuales; (iii) incumplimiento de las obligaciones que incumben a los prestadores de servicios de la sociedad de la informaci\u00f3n; (iv) infracci\u00f3n de los derechos de los consumidores y usuarios; (v) infracci\u00f3n de los derechos de propiedad intelectual e industrial; realizaci\u00f3n de actos de competencia desleal o de publicidad il\u00edcita; (vi) infracci\u00f3n del derecho de protecci\u00f3n de datos; del secreto profesional y de los derechos al honor, a la intimidad personal y familiar y a la imagen de las personas; y (vii) en general el incumplimiento de cualesquiera leyes, costumbres o c\u00f3digos de conducta que resulten de aplicaci\u00f3n.<\/p>\n<p><strong>T\u00fanels\u00a0<\/strong>no asume responsabilidad alguna ya sea por da\u00f1os, perjuicios, p\u00e9rdidas, reclamaciones o gastos producidos por: (i) interferencias, interrupciones, fallos, omisiones, aver\u00edas telef\u00f3nicas, retrasos, bloqueos o desconexiones en el funcionamiento del sistema electr\u00f3nico, motivadas por deficiencias, sobrecargas y errores en las l\u00edneas y redes de telecomunicaciones, o por cualquier otra causa ajena al control de\u00a0<strong>T\u00fanels<\/strong>; (ii) intromisiones ileg\u00edtimas mediante el uso de programas malignos de cualquier tipo y a trav\u00e9s de cualquier medio de comunicaci\u00f3n, tales como virus inform\u00e1ticos o cualesquiera otros; (iii) uso indebido o inadecuado de la p\u00e1gina web de <strong>T\u00fanels<\/strong>; (iv) errores de seguridad o navegaci\u00f3n producidos por un mal funcionamiento del navegador o por el uso de versiones no actualizadas del mismo.<\/p>\n<p>En todo caso, el usuario de la p\u00e1gina web de\u00a0<strong>T\u00fanels\u00a0<\/strong>ser\u00e1 responsable de los da\u00f1os y perjuicios de toda naturaleza que\u00a0<strong>T\u00fanels<\/strong>\u00a0pueda sufrir como consecuencia del incumplimiento por el usuario de las obligaciones a que queda sometido por este Aviso Legal, o por las condiciones particulares que le sean de aplicaci\u00f3n.<\/p>\n<p>4.- Pol\u00edtica de seguridad<\/p>\n<p>Est\u00e1 totalmente prohibido crear links a la p\u00e1gina web de\u00a0<strong>T\u00fanels\u00a0<\/strong>desde terceras p\u00e1ginas web sin la autorizaci\u00f3n expresa y por escrito de\u00a0<strong>T\u00fanels<\/strong>.<\/p>\n<p>El acceso a la web no implica la obligaci\u00f3n por parte de<strong>\u00a0T\u00fanels\u00a0<\/strong>de controlar la ausencia de virus, o de cualquier otro elemento inform\u00e1tico da\u00f1oso. Corresponde al usuario en todo caso, la disponibilidad de herramientas adecuadas para la detenci\u00f3n y desinfecci\u00f3n de programas inform\u00e1ticos da\u00f1osos.<\/p>\n<p><strong>T\u00fanels\u00a0<\/strong>no se responsabiliza de los da\u00f1os producidos en los equipos inform\u00e1ticos de los usuarios o de terceros durante la prestaci\u00f3n del servicio del portal.<\/p>\n<p>5.- Legislaci\u00f3n y jurisdicci\u00f3n aplicable<\/p>\n<p>Las presentes condiciones quedan sujetas a la ordenaci\u00f3n jur\u00eddica espa\u00f1ola.<\/p>\n<p><strong>T\u00fanels<\/strong>\u00a0y el usuario, con renuncia expresa a cualquier otro fuero que pudiera corresponderles, se someten a la Jurisdicci\u00f3n de los Juzgados y Tribunales del domicilio del usuario para cuantas cuestiones pudieran suscitarse o acciones ejercitarse derivadas de la prestaci\u00f3n del servicio del Web y de sus servicios y contenidos y sobre la interpretaci\u00f3n, aplicaci\u00f3n, cumplimiento o incumplimiento de lo aqu\u00ed establecido. En el supuesto de que el Usuario tenga su domicilio fuera de Espa\u00f1a,\u00a0<strong>T\u00fanels<\/strong>\u00a0y el Usuario, con renuncia expresa a cualquier otro fuero que pudiera corresponderles, se someten a la Jurisdicci\u00f3n de los Juzgados y Tribunales de\u00a0Barcelona.<\/p>\n<p>&nbsp;<\/p>\n<p><strong>Propiedad industrial e intelectual<\/strong><\/p>\n<p>Todos los contenidos de la p\u00e1gina web de\u00a0<strong>T\u00fanels<\/strong>, entendi\u00e9ndose a t\u00edtulo meramente enunciativo los textos, documentos, fotograf\u00edas, dibujos, im\u00e1genes, iconos, representaciones gr\u00e1ficas, contenidos audiovisuales o sonoros, as\u00ed como su dise\u00f1o gr\u00e1fico y c\u00f3digo fuente, las marcas, nombres comerciales u otros signos distintivos, son titularidad exclusiva de\u00a0<strong>T\u00fanels\u00a0<\/strong>o de terceros y est\u00e1n protegidos por las Leyes de Propiedad Industrial e Intelectual, excepto que se especifique lo contrario.<\/p>\n<p>Consecuentemente el usuario deber\u00e1 respetar en todo momento todos los derechos de propiedad intelectual e industrial sobre la p\u00e1gina web de\u00a0<strong>T\u00fanels\u00a0<\/strong>que sean titularidad exclusiva de\u00a0<strong>T\u00fanels\u00a0<\/strong>o de terceros.<\/p>\n<p>Queda estrictamente prohibida cualquier modalidad de explotaci\u00f3n, reproducci\u00f3n, distribuci\u00f3n, modificaci\u00f3n, comunicaci\u00f3n p\u00fablica, cesi\u00f3n o transformaci\u00f3n o cualquier otra forma de difusi\u00f3n de la informaci\u00f3n o elementos contenidos en la web de\u00a0<strong>T\u00fanel\u00a0<\/strong>mencionados en este apartado, mediante cualquier soporte y medio, no autorizado expresa y previamente por sus respectivos titulares. El contenido de esta p\u00e1gina web podr\u00e1 \u00fanicamente ser descargado al terminal del usuario siempre que sea para su uso privado y sin ning\u00fan fin comercial.<\/p>\n<p>La infracci\u00f3n de cualquiera de los derechos citados puede constituir una vulneraci\u00f3n de las presentes condiciones, de las leyes de Propiedad Industrial e Intelectual, as\u00ed como un delito castigado de acuerdo con los art\u00edculos 270 y siguientes del C\u00f3digo Penal.<\/p>\n<p>6. Declaraci\u00f3n del dominio SET de T\u00fanels<\/p>\n<p><strong><a href=\"https:\/\/tunels.cat\/wp-content\/uploads\/2023\/12\/DECLARACION-DE-DOMINO-SET-TUNELS-REVISION-MARZO-2022_OCRv1.docx\" target=\"_blank\" rel=\"noopener\">Ver documento<\/a><\/strong>[\/vc_column_text][\/vc_tab][vc_tab gutter_size=\u00bb2&#8243; column_padding=\u00bb2&#8243; title=\u00bbPol\u00edtica de privacidad\u00bb tab_id=\u00bb1575493664-2-22&#8243; slug=\u00bbpolitica-de-privacidad\u00bb][vc_column_text uncode_shortcode_id=\u00bb599653&#8243;]<strong>Pol\u00edtica de Privacidad<\/strong><\/p>\n<p>Esta Pol\u00edtica de Privacidad se aplica a los tratamientos de datos llevados a cabo por la sociedad concesionaria TUNELS.<\/p>\n<p>Esta Pol\u00edtica de Privacidad podr\u00e1 ser modificada, pero te lo comunicaremos a trav\u00e9s de la p\u00e1gina web o por otros medios para que conozcas las modificaciones y, si fuera necesario, obtener tu consentimiento expreso.<\/p>\n<p>Para la adecuada gesti\u00f3n en el tratamiento de tus datos personales, TUNELS tiene designado un Delegado de Protecci\u00f3n de Datos, con quien podr\u00e1s contactar para resolver cualquier cuesti\u00f3n, a trav\u00e9s del correo electr\u00f3nico\u00a0<a href=\"mailto:privacitat@tunels.com\">privacitat@tunels.cat<\/a><\/p>\n<h1>1.\u00a0\u00a0 \u00bfQui\u00e9n es el responsable del tratamiento de tus datos personales?<\/h1>\n<p>&nbsp;<\/p>\n<p>Respecto a los datos personales que nos facilites en el sitio Web o cuando te registres; as\u00ed como en el caso de que circules por una v\u00eda de TUNELS o contrates un servicio a trav\u00e9s del Sitio Web, el responsable del tratamiento ser\u00e1:<\/p>\n<p>&nbsp;<\/p>\n<table>\n<tbody>\n<tr>\n<td width=\"75\"><strong>\u00a0<\/strong><\/td>\n<td width=\"236\">RAZ\u00d3N SOCIAL<\/td>\n<td width=\"255\">DOMICILIO<\/td>\n<\/tr>\n<tr>\n<td width=\"75\"><strong>TUNELS<\/strong><\/p>\n<p><strong>\u00a0<\/strong><\/td>\n<td width=\"236\"><strong>T\u00fanels de Barcelona i Cad\u00ed, Concession\u00e0ria de la Generalitat de Catalunya, S.A.<\/strong><\/td>\n<td width=\"255\">Carretera de Vallvidrera en Sant Cugat del Vall\u00e8s, BV-1462, pk 5,3, 08017 Barcelona<\/td>\n<\/tr>\n<\/tbody>\n<\/table>\n<p>&nbsp;<\/p>\n<h3><strong>\u00a0<\/strong><\/h3>\n<h1>2.\u00a0\u00a0 \u00bfCon qu\u00e9 finalidades tratamos tus datos y cu\u00e1l es la base legal para el tratamiento?<\/h1>\n<p><strong><u>Gestionar tu registro como usuario del Sitio Web<\/u><\/strong><\/p>\n<p>Si te das de alta como usuario en el Sitio Web tus datos ser\u00e1n tratados con la finalidad de gestionar tu alta como usuario del Sitio Web y gestionar los servicios de los que dispones, a los que puedes acceder a trav\u00e9s del \u00e1rea clientes del Sitio Web.<\/p>\n<p>El registro como usuario supondr\u00e1 que te podamos enviar comunicaciones transaccionales, operativas e informativas.<\/p>\n<p>La base legal para estos tratamientos de datos es tu consentimiento, otorgado en el proceso de registro al aceptar la Pol\u00edtica de Privacidad.<\/p>\n<p><strong><u>Resolver tus consultas o solicitudes<\/u><\/strong><\/p>\n<p>Puedes contactar con nuestra \u00e1rea de atenci\u00f3n al cliente por distintos canales: a trav\u00e9s de los formularios existente en el Sitio Web o por tel\u00e9fono, correo electr\u00f3nico o a trav\u00e9s de otros canales de atenci\u00f3n al cliente.<\/p>\n<p>Tus datos ser\u00e1n tratados con la finalidad de gestionar y dar respuesta a tu consulta o solicitud. Te recordamos que si utilizas herramientas de terceros (WhatsApp, redes sociales\u2026) el uso que dichos terceros puedan realizar de tus datos queda sujeto a sus pol\u00edticas de privacidad, que habr\u00e1s aceptado previamente.<\/p>\n<p>La base legal para el tratamiento es tu consentimiento al enviar tu consulta o solicitud o bien el inter\u00e9s leg\u00edtimo de Tunels en gestionar las comunicaciones recibidas de sus clientes.<\/p>\n<p><strong><u>Apartado \u00danete a nosotros<\/u><\/strong><\/p>\n<p>Si nos haces llegar tu CV a trav\u00e9s del Sitio Web o a trav\u00e9s de cualquier otra v\u00eda, tus datos ser\u00e1n utilizados para la participaci\u00f3n en procesos de selecci\u00f3n en los que pueda encajar tu perfil profesional, as\u00ed como para su inclusi\u00f3n en una bolsa de trabajo. Te informamos que, salvo que nos indiques lo contrario, conservaremos tus datos por un periodo m\u00e1ximo de 1 a\u00f1o, por si en el futuro entendemos que encaja en alguno de los perfiles de empleo existentes.<\/p>\n<p><strong><u>Prestar los servicios<\/u><\/strong><\/p>\n<p>Con car\u00e1cter general, los tratamientos de datos llevados a cabo para la prestaci\u00f3n del servicio son:<\/p>\n<ul>\n<li>Gesti\u00f3n de la relaci\u00f3n contractual: tus datos ser\u00e1n tratados para la prestaci\u00f3n del servicio, para la gesti\u00f3n administrativa, econ\u00f3mica y fiscal asociada al mismo, incluyendo la gesti\u00f3n de impagos;<\/li>\n<li>Cualquier otro tratamiento de datos que pueda derivarse de la prestaci\u00f3n del servicio, tales como, gesti\u00f3n de reclamaciones, gesti\u00f3n de siniestros\u2026<\/li>\n<\/ul>\n<p>La base legal para el tratamiento de datos es el desarrollo, cumplimiento y control de la relaci\u00f3n contractual.<\/p>\n<p><strong><u>Tratamientos de datos llevados a cabo en las v\u00edas<\/u><\/strong><\/p>\n<p>Adem\u00e1s, en las v\u00edas se llevan a cabo los siguientes tratamientos de datos:<\/p>\n<p>&nbsp;<\/p>\n<ul>\n<li><em>Gesti\u00f3n del tr\u00e1nsito<\/em><\/li>\n<\/ul>\n<p>Los datos recogidos por los sistemas instalados en las v\u00edas (sensores, lector de matr\u00edcula, c\u00e1maras\u2026) ser\u00e1n tratados para poder identificar la categor\u00eda del veh\u00edculo, el tr\u00e1nsito realizado y poder tarificar los servicios adecuadamente, incluyendo la aplicaci\u00f3n de descuentos o bonificaciones, si procede.<\/p>\n<ul>\n<li><em>Gesti\u00f3n del pago<\/em><\/li>\n<\/ul>\n<p>Los datos recogidos para el pago ser\u00e1n tratados para gestionar el pago, que puede llevarse a cabo por distintas v\u00edas en funci\u00f3n del medio que elijas:<\/p>\n<ul>\n<li>Pago mediante tarjeta de cr\u00e9dito, que se realiza a trav\u00e9s de una pasarela de pago segura;<\/li>\n<li>Pago mediante ViaT, tras la lectura del dispositivo por las antenas existentes en las v\u00edas.<\/li>\n<li><em>Controlar y vigilar el estado del tr\u00e1fico<\/em><\/li>\n<\/ul>\n<p>Las v\u00edas est\u00e1n dotadas de un sistema de videovigilancia informado mediante la se\u00f1alizaci\u00f3n de las c\u00e1maras con la finalidad de controlar y vigilar el estado del tr\u00e1fico y garantizar la seguridad y movilidad en las v\u00edas.<\/p>\n<p>La base legal para el tratamiento de datos es el cumplimiento de una misi\u00f3n en inter\u00e9s p\u00fablico.<\/p>\n<ul>\n<li><em>Garantizar la seguridad de personas, bienes e instalaciones<\/em><\/li>\n<\/ul>\n<p>Adem\u00e1s, el sistema de videovigilancia informado mediante la se\u00f1alizaci\u00f3n de las c\u00e1maras permite garantizar la seguridad y el control de acceso a instalaciones y zonas restringidas.<\/p>\n<p>La base legal para el tratamiento de datos es el cumplimiento de una misi\u00f3n en inter\u00e9s p\u00fablico.<\/p>\n<ul>\n<li><em>Prevenci\u00f3n y control del fraude del peaje<\/em><\/li>\n<\/ul>\n<p>Las v\u00edas disponen de distintos sistemas necesarios para gestionar los tr\u00e1nsitos y que permiten controlar los tr\u00e1nsitos y prevenir el fraude, como los sistemas de lectura de matr\u00edcula que captan la matr\u00edcula de los veh\u00edculos que pasan por las v\u00edas. En caso de posible fraude, los datos recabados en la v\u00eda podr\u00e1n ser utilizados para identificar a la persona usuaria mediante el acceso a otras fuentes (informaci\u00f3n p\u00fablica que la Direcci\u00f3n General de Tr\u00e1fico tiene referente a un veh\u00edculo y\/o directorios telef\u00f3nicos accesibles al p\u00fablico) y requerir el abono del tr\u00e1nsito realizado y\/o ponerlo en conocimiento de las autoridades.<\/p>\n<p>La base legal para el tratamiento de datos es el desarrollo, cumplimiento y control de la relaci\u00f3n contractual, as\u00ed como el inter\u00e9s leg\u00edtimo en obtener el pago de los servicios efectivamente prestados.<\/p>\n<p>&nbsp;<\/p>\n<p><strong><u>Encuestas de satisfacci\u00f3n. Mejora de productos y servicios.<\/u><\/strong><strong><u>\u00a0<\/u><\/strong><\/p>\n<p>&nbsp;<\/p>\n<p>Si te has registrado en la p\u00e1gina web podremos hacerte llegar encuestas para conocer tu opini\u00f3n e identificar aspectos de mejora en los productos o servicios prestados por Tunels. Por supuesto, tu participaci\u00f3n es voluntaria.<\/p>\n<p>&nbsp;<\/p>\n<p>La base legal para el tratamiento de datos es el inter\u00e9s leg\u00edtimo de Tunels en recabar la opini\u00f3n de los usuarios para detectar aspectos de mejora.<\/p>\n<p>&nbsp;<\/p>\n<p>&nbsp;<\/p>\n<p>&nbsp;<\/p>\n<p><strong><u>Innovaci\u00f3n. Mejora de productos y servicios.<\/u><\/strong><\/p>\n<p>La informaci\u00f3n recabada en las v\u00edas es utilizada para la innovaci\u00f3n, desarrollo y mejora de las soluciones tecnol\u00f3gicas para la gesti\u00f3n de las v\u00edas y servicios asociados, con el fin de mejorar tanto la vialidad, como la seguridad y facilitar la movilidad.<\/p>\n<p>La base legal para el tratamiento de datos es el inter\u00e9s leg\u00edtimo de T\u00fanels en desarrollar tecnolog\u00edas y servicios que contribuyan a la mejora de la vialidad y de la seguridad en las v\u00edas.<\/p>\n<p><strong><u>Env\u00edo de comunicaciones comerciales sobre productos y servicios <\/u><\/strong><\/p>\n<p>Tus datos podr\u00e1n ser tratados para hacerte llegar informaci\u00f3n seleccionada, por cualquier medio, sobre ofertas y promociones de servicios o productos ofrecidos por T\u00fanels o por terceras empresas colaboradoras. Para esta finalidad, no comunicaremos tus datos a terceros ya que la informaci\u00f3n te la haremos llegar desde T\u00fanels.<\/p>\n<p>En este caso, tus datos personales podr\u00e1n utilizarse para elaborar perfiles individualizados y hacerte llegar informaci\u00f3n personalizada, por cualquier medio, sobre ofertas y promociones de servicios o productos ofrecidos por T\u00fanels o por terceras empresas. En caso de estar disponibles, podr\u00e1n incorporarse al perfil que se elabore los datos que se detallan a continuaci\u00f3n, bien nos los hayas facilitados directamente o los que se hubieran generado durante tu utilizaci\u00f3n de los servicios o productos de T\u00fanels, y de terceros: datos de contacto (como el nombre, la direcci\u00f3n, el email); informaci\u00f3n adicional (como las aficiones); historial del cliente (como los datos de compra); datos del veh\u00edculo (como los datos de matr\u00edcula); datos recogidos a trav\u00e9s del Sitio Web.<\/p>\n<p>La base legal para el tratamiento de datos es tu consentimiento, formalizado en el proceso de registro.<\/p>\n<p>En relaci\u00f3n con los tratamientos basados en el inter\u00e9s leg\u00edtimo, puedes obtener m\u00e1s informaci\u00f3n y\/o ejercer tu derecho de oposici\u00f3n enviando un correo electr\u00f3nico a <a href=\"mailto:privacitat@tunels.cat\">privacitat@tunels.cat<\/a><\/p>\n<p>&nbsp;<\/p>\n<h1>3.\u00a0\u00a0 \u00bfQu\u00e9 datos tratamos y c\u00f3mo se obtienen?<\/h1>\n<p>Con car\u00e1cter general, los datos que tratamos son:<\/p>\n<ul>\n<li>Datos identificativos: nombre y apellidos, direcci\u00f3n postal y electr\u00f3nica, DNI\/NIE o equivalente, idioma;<\/li>\n<li>Bienes y servicios recibidos, historial del cliente, datos de informaci\u00f3n comercial;<\/li>\n<li>Datos del veh\u00edculo: categor\u00eda, matr\u00edcula;<\/li>\n<li>Datos de medios de pago: tarjeta de cr\u00e9dito, ViaT o dispositivo similar;<\/li>\n<li>Datos de los tr\u00e1nsitos realizados en las v\u00edas: entrada, salida, recorrido y as\u00ed como transacciones realizadas en peaje;<\/li>\n<li>Im\u00e1genes captadas por las distintas c\u00e1maras existentes, incluyendo lectura de matr\u00edcula;<\/li>\n<li>En caso de participar en alg\u00fan programa de descuento o similar, los datos requeridos por la entidad concedente para la aplicaci\u00f3n de los programas o descuentos;<\/li>\n<li>Cualquier otro dato que pudiera ser recogido como consecuencia de una incidencia (gesti\u00f3n de impagos, fraude, paso en rojo\u2026) o siniestro en la v\u00eda.<\/li>\n<\/ul>\n<p>Estos datos pueden obtenerse por distintas v\u00edas:<\/p>\n<ul>\n<li>Datos que nos facilites directamente al registrarte en el Sitio Web, al contactar a trav\u00e9s de los distintos canales de atenci\u00f3n al cliente, al adquirir servicios o productos a trav\u00e9s del Sitio Web o al enviarnos tu CV;<\/li>\n<li>Datos recogidos al transitar por las Tunels: relativos al veh\u00edculo, al tr\u00e1nsito realizado y al pago asociado;<\/li>\n<li>Datos obtenidos de terceros: consulta de informaci\u00f3n en la Direcci\u00f3n General de Tr\u00e1fico, fuentes accesibles al p\u00fablico para la gesti\u00f3n de impagos.<\/li>\n<\/ul>\n<h1>4.\u00a0\u00a0 \u00bfA qui\u00e9n se comunican tus datos?<\/h1>\n<p>Tus datos podr\u00e1n ser comunicados a terceros cuando sea necesario para la prestaci\u00f3n del servicio o cuando exista una ley que lo habilite. En particular, podr\u00e1n ser comunicados a:<\/p>\n<ul>\n<li>Administraciones p\u00fablicas competentes en el caso de programas o descuentos espec\u00edficos aplicables a una determinada concesi\u00f3n;<\/li>\n<li>A las Fuerzas y Cuerpos de Seguridad del Estado;<\/li>\n<li>A administraciones p\u00fablicas con competencias en materia de tr\u00e1fico;<\/li>\n<li>A entidades aseguradoras, en caso de siniestro.<\/li>\n<\/ul>\n<p>En el Sitio Web puedes contratar distintos servicios o registrarte como beneficiario de descuentos, en la descripci\u00f3n de cada servicio podr\u00e1s encontrar la informaci\u00f3n concreta.<\/p>\n<h1>5.\u00a0\u00a0 \u00bfPor cu\u00e1nto tiempo conservaremos tus datos?<\/h1>\n<p>Tus datos de registro como usuario del Sitio Web ser\u00e1n conservados de manera indefinida, hasta que nos indiques lo contrario. Asimismo, si nos has dado tu consentimiento para el env\u00edo de comunicaciones comerciales, conservaremos tus datos hasta que nos manifiestes lo contrario.<\/p>\n<p>Los datos que nos puedas facilitar para participar en procesos de selecci\u00f3n ser\u00e1n conservados durante un plazo m\u00e1ximo de 1 a\u00f1o.<\/p>\n<p>Las im\u00e1genes captadas por las c\u00e1maras de videovigilancia son borradas en el plazo m\u00e1ximo de 1 mes.<\/p>\n<p>Las im\u00e1genes captadas en el peaje, para la gesti\u00f3n del tr\u00e1nsito, son conservadas durante 60 d\u00edas.<\/p>\n<p>El resto de los datos personales ser\u00e1n conservados el tiempo necesario para la gesti\u00f3n del servicio y cobro del peaje. Una vez finalizado, ser\u00e1n conservados durante el plazo de prescripci\u00f3n legal, generalmente 5 a\u00f1os, estando disponibles tan solo a solicitud de Jueces y Tribunales, el Ministerio Fiscal o las Administraciones P\u00fablicas competentes durante el plazo de prescripci\u00f3n de las acciones que pudieran derivar.<\/p>\n<h1>6.\u00a0\u00a0 \u00bfCu\u00e1les son tus derechos?<\/h1>\n<p>Tal y como queda previsto en la normativa sobre protecci\u00f3n de datos personales, tienes los siguientes derechos:<\/p>\n<ul>\n<li>Acceder a tus datos: tienes derecho a acceder y conocer qu\u00e9 datos personales estamos tratando que te conciernen;<\/li>\n<li>Solicitar la rectificaci\u00f3n o supresi\u00f3n de tus datos: en determinadas circunstancias, tienes derecho a rectificar aquellos datos personales que consideres inexactos y que te conciernan, y que sean objeto de tratamiento por parte de Tunels o incluso, a solicitar su supresi\u00f3n cuando, entre otros motivos, los datos ya no fueran necesarios para los fines que fueron recogidos;<\/li>\n<li>Solicitar la limitaci\u00f3n del tratamiento de tus datos: en determinadas circunstancias, tendr\u00e1s derecho a solicitarnos la limitaci\u00f3n del tratamiento de tus datos, en cuyo caso te informamos que \u00fanicamente los conservaremos para el ejercicio o defensa de reclamaciones;<\/li>\n<li>A la portabilidad de tus datos: en determinadas circunstancias, tendr\u00e1s derecho a recibir los datos personales que te incumban, y que nos hayas facilitado, en un formato estructurado de uso com\u00fan y lectura mec\u00e1nica, y a transmitirlos a otro responsable del tratamiento;<\/li>\n<li>Oponerse al tratamiento de tus datos: en determinadas circunstancias y por motivos relacionados con tu situaci\u00f3n particular, tendr\u00e1s derecho a oponerte al tratamiento de tus datos en cuyo caso, dejar\u00edamos de tratarlos salvo que, por motivos leg\u00edtimos imperiosos, o el ejercicio o la defensa de posibles reclamaciones.<\/li>\n<\/ul>\n<p>Asimismo, tienes derecho, en cualquier momento, a oponerte al env\u00edo de comunicaciones comerciales y retirar cualquiera de tus consentimientos, sin que ello afecte al tratamiento previo basado en ese consentimiento.<\/p>\n<p>Podr\u00e1s ejercer los derechos anteriormente descritos, mediante solicitud escrita a la atenci\u00f3n del Delegado de Protecci\u00f3n de Datos dirigida a T\u00fanels, Carretera de Vallvidrera a Sant Cugat, BV-1462, Pk 5,3, 08017 Barcelona o bien remitiendo un correo electr\u00f3nico a\u00a0<a href=\"mailto:privacitat@tunels.c\">privacitat@tunels.c<\/a>at.<\/p>\n<p>Si deseas cancelar tu cuenta, puedes hacerlo en el \u00c1rea Clientes. Recuerda que para cancelar tu cuenta debes estar registrado.<\/p>\n<p>Finalmente, indicarte que puedes presentar una reclamaci\u00f3n ante la Agencia Espa\u00f1ola de Protecci\u00f3n de Datos, especialmente cuando no hayas obtenido satisfacci\u00f3n en el ejercicio de tus derechos. Puedes ponerte en contacto a trav\u00e9s de su p\u00e1gina web:\u00a0<a href=\"http:\/\/www.aepd.es\">www.aepd.es<\/a>.<\/p>\n<h1>7.\u00a0\u00a0 Tratamientos de datos espec\u00edficos de tunels<\/h1>\n<p><u>Residentes Cad\u00ed personas f\u00edsicas<\/u>: Por un lado, en la web se puede consultar la vigencia de aplicaci\u00f3n del descuento de residentes del t\u00fanel del Cad\u00ed, a base legal para el tratamiento es tu consentimiento para llevar a cabo la consulta. \u00danicamente utilizaremos tu DNI y 4 \u00faltimos d\u00edgitos de la tarjeta o ViaT para comprobar la vigencia del descuento, siendo suprimidos posteriormente.<\/p>\n<p>Por otro lado, T\u00fanels aplica el descuento a las personas f\u00edsicas que cumplan con los requisitos establecidos en el vigente Decreto 651\/2006, de 27 de diciembre, por el que se aprueba el sistema de descuentos para los usuarios habituales del t\u00fanel del Cad\u00ed, residentes en cualquiera de los municipios de las comarcas del Bergued\u00e0, de la Cerdanya y del Alt Urgell, modificado por los Decetos 153\/2010, de 2 de noviembre y 425\/2011, de 27 de diciembre (en adelante el \u201cDecreto\u201d) y que los Consejos Comarcales de las referidas comarcas le hayan comunicado a T\u00fanels en virtud de los convenios de 23\/12\/2011 suscritos entre T\u00fanels y los Consejos Comarcales, por los que T\u00fanels \u00fanicamente recibe nombre y apellidos, DNI y medio de pago para poder aplicar el descuento, siendo la base legal para dicho tratamieno la ejecuci\u00f3n de contrato y aplicaci\u00f3n de medidas precontractuales. Los datos recibidos por parte de los Consells Comarcals se van sobrescribiendo como m\u00e1ximo con una frecuencia mensual. Posteriormente los datos ser\u00e1n bloqueados y estar\u00e1n disponibles a solicitud de Autoridades, Jueces y Tribunales, o las Administraciones P\u00fablicas competentes, durante el plazo de prescripci\u00f3n de las acciones que se pudieran derivar. Transcurrido este plazo, procederemos a su completa eliminaci\u00f3n.<\/p>\n<p><u>Residentes Cad\u00ed veh\u00edculos pesados y comerciales<\/u>: Gesti\u00f3n del descuento para veh\u00edculos pesados y comerciales de empresas cuyo domicilio social y\/o fiscal sea en las comarcas del Alt Urgell, la Cerdanya y el Bergued\u00e0. La base legal para el tratamiento es tu consentimiento para llevar a cabo el registro, as\u00ed como el cumplimiento de obligaciones legales, derivadas del contrato concesional.[\/vc_column_text][\/vc_tab][vc_tab gutter_size=\u00bb2&#8243; column_padding=\u00bb2&#8243; title=\u00bbPol\u00edtica de cookies\u00bb tab_id=\u00bb1604477001519-5-7&#8243; slug=\u00bbpolitica-de-cookies\u00bb][vc_column_text]<\/p>\n<h3>POL\u00cdTICA DE COOKIES DE T\u00daNELS DE BARCELONA I CAD\u00cd, CONCESSION\u00c0RIA DE LA GENERALITAT DE CATALUNYA, S.A.<\/h3>\n<p>T\u00daNELS DE BARCELONA I CAD\u00cd, CONCESSION\u00c0RIA DE LA GENERALITAT DE CATALUNYA, S.A. (en endavant, el \u201c<strong><em>TITULAR<\/em><\/strong>\u201d) informa, a trav\u00e9s de la present Pol\u00edtica de Cookies, sobre la utilitzaci\u00f3 de dispositius d\u2019 emmagatzematge i recuperaci\u00f3 de dades en equips terminals dels Usuaris.<\/p>\n<p>&nbsp;<\/p>\n<p>1.- Qu\u00e8 s\u00f3n les cookies?<\/p>\n<p>Les cookies s\u00f3n arxius o fitxers que es descarreguen a l\u2019 ordinador\/<em>smartphone<\/em>\/<em>tablet<\/em>\u00a0de l\u2019 Usuari a l\u2019 accedir a determinades p\u00e0gines web i aplicacions que permeten emmagatzemar prefer\u00e8ncies de la navegaci\u00f3 de l\u2019 Usuari, fent que la interacci\u00f3 entre l\u2019 Usuari i el Lloc Web sigui m\u00e9s r\u00e0pida i f\u00e0cil.<\/p>\n<p>La informaci\u00f3 recollida per les cookies \u00e9s an\u00f2nima i no cont\u00e9 cap informaci\u00f3 sensible ja que no recullen dades que puguin identificar personalment l\u2019 Usuari. En qualsevol cas, l\u2019 Usuari podr\u00e0 accedir a la configuraci\u00f3 del seu navegador per a modificar i\/o bloquejar la instal\u00b7laci\u00f3 de les Cookies enviades des del Lloc Web, sense que aix\u00f2 impedeixi l\u2019 acc\u00e9s als continguts.<\/p>\n<p>&nbsp;<\/p>\n<p>2.- Per a qu\u00e8 fa servir el TITULAR les cookies?<\/p>\n<p>El present Lloc Web utilitza cookies per a realitzar un seguiment de les interaccions dels Usuaris amb els serveis oferts al Lloc Web, permetent recon\u00e8ixer el navegador d\u2019 un Usuari, aix\u00ed com el tipus de dispositiu des del que s\u2019 accedeix al Lloc Web, i s\u2019 utilitzen per a facilitar la propera visita de l\u2019 Usuari i fer que el Lloc Web resulti m\u00e9s \u00fatil.<\/p>\n<p>El TITULAR utilitza les cookies per a:<\/p>\n<ul>\n<li>Optimitzar la navegaci\u00f3 de l\u2019 Usuari mitjan\u00e7ant el seguiment de la sessi\u00f3.<\/li>\n<li>Recopilar informaci\u00f3 per a optimitzar la navegaci\u00f3 i millorar el Lloc Web.<\/li>\n<\/ul>\n<p>&nbsp;<\/p>\n<p>3.- Tipus de cookies utilitzades al Lloc Web<\/p>\n<p>El Lloc Web utilitza els seg\u00fcents tipus de cookies:<\/p>\n<ul>\n<li><strong>Obligat\u00f2ries<\/strong>: Cookies estrictament necess\u00e0ries per a prestar un servei o contingut sol\u00b7licitat per l\u2019 usuari. Aquestes s\u2019 encarreguen d\u2019 aspectes t\u00e8cnics com ara identificar registres i gestionar prefer\u00e8ncies d\u2019 eines a l\u2019 \u00fas, interacci\u00f3 i localitzaci\u00f3 de l\u2019 acc\u00e9s als continguts.<\/li>\n<\/ul>\n<p>&nbsp;<\/p>\n<p>&nbsp;<\/p>\n<table width=\"720\">\n<tbody>\n<tr>\n<td width=\"242\"><strong>Nom<\/strong><\/td>\n<td width=\"234\"><strong>Finalitat<\/strong><\/td>\n<td width=\"130\"><strong>Caducitat<\/strong><\/td>\n<td width=\"114\"><strong>Prove\u00efdor<\/strong><\/td>\n<\/tr>\n<tr>\n<td width=\"242\"><strong>PHPSESSID<\/strong><\/td>\n<td width=\"234\">Identifica la sessi\u00f3 de l\u2019 usuari dins del motor de PHP<\/td>\n<td width=\"130\">Al finalitzar la sessi\u00f3 de navegaci\u00f3<\/td>\n<td width=\"114\">PHP<\/td>\n<\/tr>\n<tr>\n<td width=\"242\"><strong>wordpress_test_cookie<\/strong><\/td>\n<td width=\"234\">Aquesta cookie es fa servir per a que el gestor de continguts WordPress comprovi si el navegador t\u00e9 les cookies activades.<\/td>\n<td width=\"130\">Al finalitzar la sessi\u00f3 de navegaci\u00f3<\/td>\n<td width=\"114\">WordPress<\/td>\n<\/tr>\n<tr>\n<td width=\"242\"><strong>_icl_current_language<\/strong><\/td>\n<td width=\"234\">Permet al sistema saber l\u2019 idioma actualment seleccionat al web<\/td>\n<td width=\"130\">1 dia<\/td>\n<td width=\"114\">WordPress<\/td>\n<\/tr>\n<tr>\n<td width=\"242\"><strong>wordpress_logged_in_*<\/strong><\/td>\n<td width=\"234\">Registra la informaci\u00f3 de login de l\u2019 usuari a la web<\/td>\n<td width=\"130\">Al finalitzar la sessi\u00f3 de navegaci\u00f3<\/td>\n<td width=\"114\">WordPress<\/td>\n<\/tr>\n<tr>\n<td width=\"242\"><strong>wordpress_sec_*<\/strong><\/td>\n<td width=\"234\">Registra la informaci\u00f3 de login de l\u2019 usuari a la web nom\u00e9s per a connexions segures<\/td>\n<td width=\"130\">Al finalitzar la sessi\u00f3 de navegaci\u00f3<\/td>\n<td width=\"114\">WordPress<\/td>\n<\/tr>\n<\/tbody>\n<\/table>\n<p>&nbsp;<\/p>\n<ul>\n<li><strong>Estad\u00edstiques\/anal\u00edtiques<\/strong>: Aquestes cookies recullen informaci\u00f3 relativa a l\u2019 \u00fas de la p\u00e0gina com ara la perman\u00e8ncia a la p\u00e0gina i els continguts visitats pels lectors per a mesurar el seu rendiment i millorar la navegaci\u00f3.<\/li>\n<\/ul>\n<p>&nbsp;<\/p>\n<p>Els objectius principals que es persegueixen amb aquest tipus de cookies s\u00f3n:<\/p>\n<ul>\n<li>Permetre la identificaci\u00f3 an\u00f2nima dels Usuaris navegants i per tant la comptabilitzaci\u00f3 aproximada del nombre de visitants.<\/li>\n<li>Identificar de forma an\u00f2nima els continguts m\u00e9s visitats<\/li>\n<li>Saber si l\u2019 Usuari que est\u00e0 accedint \u00e9s nou o repeteix visita.<\/li>\n<\/ul>\n<p>A continuaci\u00f3, es detallen les cookies anal\u00edtiques que s\u2019 utilitzen al Lloc Web:<\/p>\n<p>&nbsp;<\/p>\n<table width=\"720\">\n<tbody>\n<tr>\n<td width=\"124\"><strong>Nom<\/strong><\/td>\n<td width=\"225\"><strong>Finalitat<\/strong><\/td>\n<td width=\"82\"><strong>Caducitat<\/strong><\/td>\n<td width=\"82\"><strong>Prove\u00efdor<\/strong><\/td>\n<\/tr>\n<tr>\n<td width=\"124\">_ga<\/td>\n<td width=\"225\">Usada per Google Analytics per a identificar a l\u2019 usuari de manera \u00fanica<\/td>\n<td width=\"82\">2 anys<\/td>\n<td width=\"82\">Google<\/td>\n<\/tr>\n<tr>\n<td width=\"124\">_gid<\/td>\n<td width=\"225\">Usada per Google Analytics per a rastrejar la navegaci\u00f3 de l\u2019 usuari<\/td>\n<td width=\"82\">1 dia<\/td>\n<td width=\"82\">Google<\/td>\n<\/tr>\n<tr>\n<td width=\"124\">_gat_UA-*<\/td>\n<td width=\"225\">Usada per Google Analytics per a rastrejar la taxa de peticions<\/td>\n<td width=\"82\">10 minuts<\/td>\n<td width=\"82\">Google<\/td>\n<\/tr>\n<\/tbody>\n<\/table>\n<p>&nbsp;<\/p>\n<p>4.- Com deshabilitar les cookies?<\/p>\n<p>Aquelles cookies que no siguin obligat\u00f2ries per a la navegaci\u00f3 del present Lloc Web podran deshabilitar-se a la configuraci\u00f3 del Lloc Web.<\/p>\n<p>Aquests ajustaments es troben al peu de p\u00e0gina del Lloc Web. A m\u00e9s, tots els navegadors permeten fer canvis per a desactivar la configuraci\u00f3 de les cookies.<\/p>\n<p>Aquest \u00e9s el motiu pel que la majoria de navegadors ofereixen la possibilitat d\u2019 administrar les cookies, per a obtenir un control m\u00e9s prec\u00eds sobre la privacitat.<\/p>\n<p>Aquests ajustaments es troben ubicats a les \u00abopcions\u00bb o \u00abprefer\u00e8ncies\u00bb del men\u00fa del seu navegador.<\/p>\n<p>A continuaci\u00f3, podr\u00e0 trobar els links de cada navegador per a deshabilitar les cookies seguint les instruccions:<\/p>\n<ul>\n<li>Internet Explorer (<a href=\"https:\/\/goo.gl\/iU2wh2\">https:\/\/goo.gl\/iU2wh2<\/a>\u00a0)\n<ul>\n<li>Al men\u00fa d\u2019 eines, seleccioneu \u201cOpcions d\u2019 Internet\u201d.<\/li>\n<li>Feu clic a la pestanya de privacitat.<\/li>\n<li>Podreu configurar la privacitat amb un cursor amb sis posicions que us permet controlar la quantitat de cookies que s\u2019 hi instal\u00b7laran: Bloquegeu totes les cookies, Alta, Mitj\u00e0 Alt, Mitj\u00e0 (nivell per defecte), Baixa i Acceptar totes les cookies.<\/li>\n<\/ul>\n<\/li>\n<li>Mozilla Firefox (<a href=\"http:\/\/goo.gl\/QXWYmv\">http:\/\/goo.gl\/QXWYmv<\/a>)<\/li>\n<\/ul>\n<ul>\n<li style=\"list-style-type: none;\">\n<ul>\n<li>A la part superior de la finestra de Firefox feu clic al men\u00fa Eines.<\/li>\n<li>Seleccioneu Opcions.<\/li>\n<li>Seleccioneu el panell Privacitat.<\/li>\n<li>A l\u2019 opci\u00f3 Firefox podreu triar Usar una configuraci\u00f3 personalitzada del vostre historial, aix\u00ed com altres q\u00fcestions relacionades amb la vostra Privacitat.<\/li>\n<\/ul>\n<\/li>\n<li>Google Chrome (<a href=\"http:\/\/goo.gl\/fQnkSB\">http:\/\/goo.gl\/fQnkSB<\/a>)\n<ul>\n<li>Feu clic al men\u00fa situat a la barra d\u2019 eines.<\/li>\n<li>Seleccioneu Configuraci\u00f3.<\/li>\n<li>Feu clic a Mostrar opcions avan\u00e7ades.<\/li>\n<li>A la selecci\u00f3 \u201cPrivacitat\u201d feu clic al bot\u00f3 Configuraci\u00f3 de contingut.<\/li>\n<li>A la selecci\u00f3 de Cookies, es poden configurar les opcions.<\/li>\n<\/ul>\n<\/li>\n<li>Safari (<a href=\"https:\/\/goo.gl\/PCjEm3\">https:\/\/goo.gl\/PcjEm3<\/a>;\u00a0<a href=\"https:\/\/goo.gl\/dQywEo)\">https:\/\/goo.gl\/dQywEo)<\/a>\n<ul>\n<li>Al men\u00fa de configuraci\u00f3 seleccioneu l\u2019 opci\u00f3 de \u201cPrefer\u00e8ncies\u201d.<\/li>\n<li>Obriu la pestanya de privacitat.<\/li>\n<li>Seleccioneu l\u2019 opci\u00f3n que vulgueu de la secci\u00f3 de \u201cbloquejar cookies\u201d.<\/li>\n<li>Recordeu que certes funcions i la plena funcionalitat del Lloc Web poden no estar disponibles despr\u00e9s de deshabilitar les cookies.<\/li>\n<\/ul>\n<\/li>\n<\/ul>\n<p>Si no desitgeu ser rastrejat per les cookies, Google ha desenvolupat un complement per a instal\u00b7lar al seu navegador al que hi pot accedir al seg\u00fcent enlla\u00e7: \u00a0<a href=\"http:\/\/goo.gl\/up4ND\">http:\/\/goo.gl\/up4ND<\/a>.<\/p>\n<p>&nbsp;<\/p>\n<p>5.- Cookies als dispositius m\u00f2bils<\/p>\n<p>El titular del Lloc Web tamb\u00e9 usa cookies o altres dispositius d\u2019 emmagatzematge en dispositius m\u00f2bils.<\/p>\n<p>Aquelles cookies que no siguin obligat\u00f2ries per a la navegaci\u00f3 del present Lloc Web podran deshabilitar-se a la configuraci\u00f3 del Lloc Web.<\/p>\n<p>Aquests ajustaments es troben al peu de p\u00e0gina del Lloc Web. A m\u00e9s, tal i com succeeix als navegadors d\u2019 ordenadors, els navegadors dels dispositius m\u00f2bils permeten realitzar canvis a les opcions o ajustaments de privacitat per a desactivar o eliminar les cookies.<\/p>\n<p>Si desitgeu modificar les opcions de privacitat seguiu les instruccions especificades pel desenvolupador del seu navegador per a dispositiu m\u00f2bil.<\/p>\n<p>A continuaci\u00f3, podreu trobar alguns exemples dels links que us guiaran per a modificar les opcions de privacitat al vostre dispositiu m\u00f2bil:<\/p>\n<ul>\n<li>IOS: (<a href=\"http:\/\/goo.gl\/61xevS\">http:\/\/goo.gl\/61xevS<\/a>)<\/li>\n<li>Windows Phone: (<a href=\"https:\/\/goo.gl\/tKyb0y\">https:\/\/goo.gl\/tKyb0y<\/a>)<\/li>\n<li>Chrome Mobile: (<a href=\"http:\/\/goo.gl\/XJp7N\">http:\/\/goo.gl\/XJp7N<\/a>)<\/li>\n<li>Opera Mobile: (<a href=\"http:\/\/goo.gl\/Nzr8s7)\">http:\/\/goo.gl\/Nzr8s7)<\/a><\/li>\n<\/ul>\n<p>&nbsp;<\/p>\n<p>6.- Acceptaci\u00f3 de cookies<\/p>\n<p>El present lloc web no instal\u00b7la les nostres cookies als dispositius dels Usuaris fins que aquests hagin acceptat la instal\u00b7laci\u00f3 de les mateixes.<\/p>\n<p>Us informem que en el cas de no acceptar la instal\u00b7laci\u00f3 de cookies o de deshabilitar alguna d\u2019 aquestes a la configuraci\u00f3, \u00e9s possible que certs serveis no estiguin disponibles sense la utilitzaci\u00f3 d\u2019 aquestes o que no pugueu accedir a determinats serveis ni tampoc aprofitar per complet tot all\u00f2 que aquest Lloc Web us ofereix.[\/vc_column_text][\/vc_tab][vc_tab gutter_size=\u00bb2&#8243; column_padding=\u00bb2&#8243; title=\u00bbVideovigilancia\u00bb tab_id=\u00bb1582157225534-3-7&#8243; slug=\u00bbvideovigilancia\u00bb][vc_column_text]<\/p>\n<h3><strong>VIDEOVIGIL\u00c0NCIA<\/strong><\/h3>\n<p>Les dades personals que obtenim per mitj\u00e0 del sistema de videovigil\u00e0ncia s\u00f3n tractades per T\u00fanels de Barcelona i Cad\u00ed (\u201cT\u00fanels\u201d), on es troba el sistema de videovigil\u00e0ncia. La seva denominaci\u00f3 social i el domicili s\u00f3n els seg\u00fcents:<\/p>\n<ul>\n<li>T\u00fanels de Barcelona i Cad\u00ed, Concession\u00e0ria de la Generalitat de Catalunya, S.A. (T\u00fanels), amb domicili social a Carretera de Vallvidrera a Sant Cugat, BV-1462, km 5,3 &#8211; 08017 Barcelona.<\/li>\n<\/ul>\n<p>Les finalitats del tractament d\u2019 aquestes dades s\u00f3n:<\/p>\n<ul>\n<li>Control i vigil\u00e0ncia de l\u2019 estat del tr\u00e0nsit.<\/li>\n<li>Videovigil\u00e0ncia i control d\u2019 acc\u00e9s a instal\u00b7lacions i zones restringides.<\/li>\n<li>Control del peatge.<\/li>\n<\/ul>\n<p>La base legal per al tractament de les teves dades \u00e9s l\u2019inter\u00e8s leg\u00edtim de T\u00fanels. Les dades personals es conservaran durant un termini m\u00e0xim de 30 dies, llevat que sigui necessari complir les obligacions legals que, en cada cas, correspongui. Pots exercir els teus drets d\u2019acc\u00e9s, rectificaci\u00f3, cancel\u00b7laci\u00f3, limitaci\u00f3, oposici\u00f3, supressi\u00f3 i la portabilitat de les teves dades personals mitjan\u00e7ant sol\u00b7licitud escrita, adre\u00e7ant-te per escrit a T\u00fanels, a <a href=\"mailto:privacitat@tunels.cat\">privacitat@tunels.cat<\/a> o a Atenci\u00f3 al Client, Carretera de Vallvidrera a Sant Cugat, BV-1462, km 5,3 &#8211; 08017 Barcelona (Ref. Dades Personals), acreditant la teva identitat, mitjan\u00e7ant una c\u00f2pia del teu DNI o un altre document similar o equivalent, indicant el dret que vols exercir. A m\u00e9s, per obtenir m\u00e9s informaci\u00f3, pots contactar amb el nostre Delegat de Protecci\u00f3 de Dades mitjan\u00e7ant escrit adre\u00e7at a <a href=\"mailto:privacitat@tunels.cat\">privacitat@tunels.cat<\/a>. Finalment, t\u2019informem que pots presentar una reclamaci\u00f3 davant l\u2019Ag\u00e8ncia Espanyola de Protecci\u00f3 de Dades.[\/vc_column_text][\/vc_tab][vc_tab gutter_size=\u00bb2&#8243; column_padding=\u00bb2&#8243; title=\u00bbDeclaraci\u00f3n dominio SET\u00bb tab_id=\u00bb1582157324467-4-0&#8243; slug=\u00bbdeclaracion-dominio-set\u00bb][vc_button button_color=\u00bbcolor-569169&#8243; radius=\u00bbbtn-round\u00bb border_width=\u00bb0&#8243; link=\u00bburl:https%3A%2F%2Ftunels.cat%2Fwp-content%2Fuploads%2F2022%2F03%2FDDS_DeclaracionDominioSETv1_TUNELS.pdf|target:_blank|rel:nofollow\u00bb]Descarrega la declaraci\u00f3 del domini SET[\/vc_button][\/vc_tab][\/vc_tabs][\/vc_column][\/vc_row][vc_row row_height_percent=\u00bb0&#8243; overlay_alpha=\u00bb50&#8243; gutter_size=\u00bb3&#8243; column_width_percent=\u00bb100&#8243; shift_y=\u00bb0&#8243; z_index=\u00bb0&#8243; desktop_visibility=\u00bbyes\u00bb][vc_column width=\u00bb1\/1&#8243;][vc_custom_heading text_color=\u00bbcolor-569169&#8243;]Av\u00eds legal \/ Pol\u00edtica de privacitat[\/vc_custom_heading][vc_accordion history=\u00bbyes\u00bb][vc_accordion_tab title=\u00bbAv\u00eds legal\u00bb tab_id=\u00bb1589354161-1-92&#8243; slug=\u00bbavis-legal-2&#8243;][vc_column_text]T\u00daNELS adverteix que els materials i informacions continguts en aquesta p\u00e0gina web han estat inclosos nom\u00e9s a t\u00edtol informatiu, per la qual cosa pot ser que resultin insuficients per prendre decisions o assumir posicions en un cas concret. T\u00daNELS no assumeix cap responsabilitat pels danys i perjudicis resultants o que tinguin connexi\u00f3 amb l&#8217;\u00fas d&#8217;aquesta informaci\u00f3. L&#8217;usuari ha de tenir en compte que els materials continguts en aquesta p\u00e0gina web poden no reflectir la informaci\u00f3 m\u00e9s recent dels serveis que ofereix T\u00daNELS. Aix\u00ed mateix, aquests materials poden ser modificats, desenvolupats o actualitzats sense notificaci\u00f3 pr\u00e8via. T\u00daNELS no es responsabilitza dels errors u omissions que puguin tenir els continguts d&#8217;aquest espai web o altres continguts als que es pot accedir a trav\u00e9s de la mateixa ni assumeix cap deure o comprom\u00eds de verificar ni de vigilar els continguts i informacions d&#8217;aquesta p\u00e0gina web. T\u00daNELS es reserva el dret de cancel\u00b7lar les dades de l&#8217;usuari i donar de baixa els serveis sol\u00b7licitats als usuaris que no \u00a0hagin realitzat cap tr\u00e0nsit en els peatges de titularitat de T\u00daNELS en un per\u00edode de 2 anys. Els enlla\u00e7os o links que cont\u00e9 aquest espai web poden conduir a l&#8217;usuari a altres espais i p\u00e0gines web gestionades per tercers, sobre les que T\u00daNELS no exerceix cap tipus de control. T\u00daNELS no respon ni dels continguts ni de l&#8217;estat d&#8217;aquests espais i p\u00e0gines web, i l&#8217;acc\u00e9s als mateixos a trav\u00e9s d&#8217;aquest espai web tampoc implica que T\u00daNELS recomani o aprovi els seus continguts. Qui utilitzi aquest espai web, ho fa pel seu propi compte i risc. L&#8217;usuari d&#8217;aquesta p\u00e0gina web, mitjan\u00e7ant el seu acc\u00e9s, s&#8217;obliga a utilitzar-la de manera plenament conforme amb les lleis i els usos del tr\u00e0fic i respondr\u00e0, davant T\u00daNELS i\/o davant tercers, de qualsevol danys i perjudicis que es poguessin causar com a conseq\u00fc\u00e8ncia de l\u2019incompliment d&#8217;aquesta obligaci\u00f3. T\u00daNELS no ser\u00e0 responsable dels danys derivats de la utilitzaci\u00f3 d&#8217;aquest espai web, ni de qualsevol actuaci\u00f3 realitzada sobre la base de la informaci\u00f3 que en ella es facilita. L&#8217;autor d&#8217;aquest espai web tampoc es fa responsable dels danys inform\u00e0tics o d&#8217;altre tipus que pogu\u00e9s ocasionar a l&#8217;usuari visitant l&#8217;acc\u00e9s als continguts d&#8217;aquest espai. Per aix\u00f2, T\u00daNELS no garanteix l&#8217;abs\u00e8ncia de virus o altres elements lesius que poguessin causar danys o alteracions en el sistema inform\u00e0tic, en els documents electr\u00f2nics o en els fitxers de l&#8217;usuari d&#8217;aquest espai web. En conseq\u00fc\u00e8ncia, T\u00daNELS no respon pels danys i perjudicis que tals elements poguessin ocasionar a l&#8217;usuari o a tercers. T\u00daNELS declina tota responsabilitat en cas que l\u2019acc\u00e9s o les visites a l&#8217;espai web es vegin impossibilitades o dificultades degut a una interrupci\u00f3 o defectuosa prestaci\u00f3 de l&#8217;escomesa el\u00e8ctrica, telef\u00f2nica o d\u2019altres prove\u00efdors de telecomunicacions aliens a T\u00daNELS, o en el cas de produir-se conflictes socials o altres sup\u00f2sits de for\u00e7a major, o qualsevol actuaci\u00f3 d\u2019un tercer, inclosos els requeriments u ordres administratives o judicials, sabotatges o saturacions, intencionades o no.[\/vc_column_text][\/vc_accordion_tab][vc_accordion_tab title=\u00bbPOL\u00cdTICA DE PRIVACITAT DE L&#8217;ESPAI WEB\u00bb tab_id=\u00bb1589354161-2-80&#8243; slug=\u00bbpolitica-privacitat-espai-web\u00bb][vc_column_text]Aquesta Pol\u00edtica de Privadesa s\u2019aplica al web de T\u00fanels (www.tunelsbarcelonacadi.cat), aix\u00ed com als productes i serveis que puguis contractar per mitj\u00e0 de la p\u00e0gina web (anomenats col\u00b7lectivament \u201cServeis\u201d). Aquesta Pol\u00edtica de Privadesa podr\u00e0 ser modificada, per\u00f2 t\u2019ho comunicarem per mitj\u00e0 de la p\u00e0gina web o d\u2019altres mitjans per tal que puguis con\u00e8ixer les modificacions i puguis seguir utilitzant els nostres \u201cServeis\u201d. El fet de continuar gaudint dels nostres \u201cServeis\u201d despr\u00e9s d\u2019haver-te comunicat els canvis, voldr\u00e0 dir que hi est\u00e0s d\u2019acord, llevat que sigui necessari el teu consentiment expr\u00e9s. <strong>Qui \u00e9s el responsable del tractament de les teves dades personals?<\/strong> El responsable del tractament de les dades personals que facilitis a la p\u00e0gina web (<a href=\"http:\/\/www.autopistas.com\/\">www.tunelsbarcelonacadi.cat)<\/a>\u00a0ser\u00e0 la societat T\u00fanels de Barcelona i Cad\u00ed, Concession\u00e0ria de la Generalitat de Catalunya, S.A. (d&#8217;ara endavant, T\u00fanels), amb domicili a Carretera de Vallvidrera a Sant Cugat, BV-1462, km 5,3 &#8211; 08017 Barcelona. Per a l&#8217;adequada gesti\u00f3 en el tractament de les teves dades personals, Autopistas t\u00e9 designat un Delegat de Protecci\u00f3 de Dades al qual podr\u00e0s contactar per resoldre qualsevol q\u00fcesti\u00f3 que necessitis al respecte, per mitj\u00e0 del correu electr\u00f2nic\u00a0<a href=\"mailto:privacitat@tunels.cat\">privacitat@tunels.cat<\/a>. \u00a0 <strong>Amb quina finalitat tractem les teves dades?<\/strong> A T\u00fanels podem tractar les teves dades personals per a les finalitats seg\u00fcents:<\/p>\n<ol>\n<li><strong>Contactar<\/strong>: gestionar les teves dades personals quan contactes amb T\u00fanels per mitj\u00e0 de l\u2019 email <a href=\"mailto:tunels@tunels.cat\">tunels@tunels.cat<\/a> aix\u00ed com a qualsevol dels n\u00fameros de tel\u00e8fon habilitats per al contacte amb els clients. Aix\u00ed mateix, les teves dades seran tractades amb la finalitat de gestionar les consultes que ens facis arribar per mitj\u00e0 dels canals habilitats a aquest efecte a la nostra p\u00e0gina web.<\/li>\n<li><strong>Suggeriments\/Reclamacions<\/strong>: gestionar la teva consulta quan et comuniquis amb nosaltres, ja sigui un suggeriment o reclamaci\u00f3 o b\u00e9 qualsevol altra sol\u00b7licitud que ens envi\u00efs.<\/li>\n<li><strong>Treballa amb nosaltres:\u00a0<\/strong>gestionar la recepci\u00f3 dels curr\u00edculums vitae que ens envi\u00efs per correu electr\u00f2nic, aix\u00ed com de les dades personals que es generin a partir de la teva participaci\u00f3 en els processos de selecci\u00f3 organitzats per T\u00fanels, amb la finalitat d\u2019analitzar el teu perfil professional a la vista dels llocs vacants o de nova creaci\u00f3. T&#8217;informem que conservarem les teves dades per un per\u00edode de temps inferior a un any per si en el futur entenem que encaixa en algun dels perfils d&#8217;ocupaci\u00f3 existents.<\/li>\n<li><strong>Registre \u00c0rea de Client<\/strong>: gestionar el teu registre a l&#8217;\u00c0rea Clients, aix\u00ed com altres dades addicionals que es puguin generar amb la finalitat de gestionar les peticions que registris per mitj\u00e0 de l&#8217;\u00c0rea Clients, i en resum de la teva relaci\u00f3 amb nosaltres. Per mitj\u00e0 del registre a l&#8217;\u00c0rea Clients, i mitjan\u00e7ant aquesta, podr\u00e0s: gestionar les dades que hi ha incloses, dissenyar, contractar productes i serveis oferts per T\u00fanels i per tercers, aix\u00ed com consultar el teu consum i facturaci\u00f3 i accedir a promocions i descomptes.<\/li>\n<li><strong>Publicitat de productes i serveis propis:<\/strong> T\u00fanels podr\u00e0 fer-te arribar, per correu postal, correu electr\u00f2nic, SMS o altres mitjans de comunicaci\u00f3 electr\u00f2nica, publicitat, tant de car\u00e0cter general com adaptada a les teves caracter\u00edstiques, relacionada amb els nostres serveis.<\/li>\n<li><strong>Conservaci\u00f3 de dades<\/strong><strong>per a l\u2019enviament de publicitat de productes i serveis de T\u00fanels:\u00a0<\/strong>sempre que ho hagis autoritzat, T\u00fanels tractar\u00e0 les teves dades personals, un cop acabada la relaci\u00f3 contractual, per enviar-te publicitat relacionada amb els nostres serveis propis, tant de car\u00e0cter general com adaptada a les teves caracter\u00edstiques.<\/li>\n<li><strong>Videovigil\u00e0ncia:\u00a0<\/strong>M\u00e9s informaci\u00f3\u00a0al seg\u00fcent\u00a0<a href=\"#videovigilancia\">enlla\u00e7<\/a>.<\/li>\n<li><strong>Altres canals:\u00a0<\/strong>tamb\u00e9 podrem posar-nos en contacte amb tu i recollir les teves dades per mitj\u00e0 d&#8217;altres canals, com ara tel\u00e8fon, correu electr\u00f2nic o per mitj\u00e0 de les xarxes socials. En aquest cas, t\u2019informarem sobre les finalitats per a les quals tractarem les teves dades, i si s\u2019escau, demanarem el teu consentiment en cadascun d&#8217;aquests canals.<\/li>\n<\/ol>\n<p><strong>Quines dades tractem i de quina font s&#8217;obtenen?<\/strong> Les dades tractades provenen de:<\/p>\n<ul>\n<li>Dades que facilites mitjan\u00e7ant l&#8217;emplenament dels formularis habilitats a aquest efecte.<\/li>\n<li>Dades derivades de la prestaci\u00f3 del servei. Dins d&#8217;aquesta categoria s&#8217;inclouen les dades de navegaci\u00f3 per mitj\u00e0 de la p\u00e0gina web p\u00fablica o de l&#8217;acc\u00e9s a l&#8217;\u00c0rea Clients que ens proporciones de manera indirecta i que es deriven de la pr\u00f2pia prestaci\u00f3 i del manteniment d\u2019aquesta activitat.<\/li>\n<\/ul>\n<p>En funci\u00f3 del servei, les dades tractades abasten la tipologia seg\u00fcent:<\/p>\n<ul>\n<li>Dades identificatives (p. ex., nom, cognoms, document d&#8217;identitat, adre\u00e7a postal, correu electr\u00f2nic, n\u00famero de tel\u00e8fon, matr\u00edcula del teu vehicle).<\/li>\n<li>Dades econ\u00f2miques i operatives relacionades amb les transaccions fetes a l\u2019autopista (p. ex., dades dels tr\u00e0nsits fets a l&#8217;autopista i les transaccions efectuades a peatges).<\/li>\n<li>Dades de transaccions de b\u00e9ns i serveis (p. ex., pagaments dels serveis fets).<\/li>\n<\/ul>\n<p><strong>Quina \u00e9s la legitimaci\u00f3 legal per al tractament de les teves dades?<\/strong> El tractament de les teves dades relatives a \u00ab<u>Contactar<\/u>\u00ab, \u00ab<u>Suggeriments\/Reclamacions<\/u>\u00bb i \u00ab<u>Registre a l&#8217;\u00c0rea Clients<\/u>\u00bb i altres canals de comunicaci\u00f3 a la teva disposici\u00f3, es basa en el manteniment de la teva sol\u00b7licitud i, si escau, en la prestaci\u00f3 dels serveis contractats. De la mateixa manera, la base legal per al tractament de les teves dades derivades de la\u00a0<u>contractaci\u00f3<\/u>\u00a0\u00e9s l&#8217;execuci\u00f3 del contracte de prestaci\u00f3 de serveis o productes de T\u00fanels (segons els termes i les condicions que consten a la p\u00e0gina web, apartat \u00abe-factura\u00bb i \u201cPetici\u00f3 e-rebut\u201d). El tractament de les teves dades relatives a \u201c<u>Treballa amb nosaltres<\/u>\u201d es basa en la remissi\u00f3 volunt\u00e0ria del teu curr\u00edculum vitae i en la seva conservaci\u00f3, en virtut de l\u2019inter\u00e8s leg\u00edtim del nostre departament de Recursos Humans. <u>L&#8217;enviament de publicitat de productes propis<\/u>\u00a0podr\u00e0 basar-se en l&#8217;inter\u00e8s leg\u00edtim de T\u00fanels quan et registris a l&#8217;\u00c0rea Clients o contractis un servei. En la resta de sup\u00f2sits, aix\u00ed com quan la publicitat sigui de tercers, els tractaments de les teves dades estaran basats en el consentiment que ens hagis donat i que conservarem mentre no demanis la supressi\u00f3 o oposici\u00f3 al tractament de les teves dades personals. \u00a0 <strong>A qui es comuniquen les teves dades?<\/strong> Les dades recaptades per T\u00fanels a \u00ab<u>Contactar<\/u>\u00ab, \u00ab<u>Suggeriments\/Reclamacions<\/u>\u00ab, i \u00ab<u>Registre a l&#8217;\u00c0rea Clients<\/u>\u00bb no seran comunicades a tercers amb excepci\u00f3 de les dades introdu\u00efdes al formulari de sol\u00b7licitud del servei e-factura que seran comunicades a BanSabadell Factura, S.L. Sociedad Unipersonal com a encarregat de prestar el servei d\u2019 emissi\u00f3 de factures. \u00a0 Quan aix\u00ed ho exigeixi la llei, T\u00fanels podr\u00e0 comunicar les dades als cossos i forces de seguretat competents. En cap cas no es faran transfer\u00e8ncies internacionals. <strong>Durant quant de temps conservarem les teves dades?<\/strong> Les dades personals seran conservades el temps necessari per a la prestaci\u00f3 del servei o mentre no retiris el teu consentiment. Posteriorment, les dades s\u2019eliminaran d\u2019acord amb el que disposa la normativa de protecci\u00f3 de dades, que implica el seu bloqueig, i estaran disponibles tan sols si ho sol\u00b7liciten jutges i tribunals, el Ministeri Fiscal o les Administracions P\u00fabliques competents durant el termini de prescripci\u00f3 de les accions que poguessin derivar-se, i transcorregut el termini, procedirem a la seva completa eliminaci\u00f3. <strong>Quins s\u00f3n els teus drets?<\/strong> Qualsevol interessat t\u00e9 dret a obtenir confirmaci\u00f3 sobre si a T\u00fanels estem tractant dades personals que et concerneixen. De la mateixa manera, tal com preveu el Reglament General de Protecci\u00f3 de Dades, tens els drets seg\u00fcents:<\/p>\n<ul>\n<li><strong>Accedir a les teves dades:\u00a0<\/strong>tens dret a accedir i con\u00e8ixer quines dades personals que et concerneixen estem tractant.<\/li>\n<li><strong>Demanar la rectificaci\u00f3 o supressi\u00f3 de les teves dades:\u00a0<\/strong>en determinades circumst\u00e0ncies, tens dret a rectificar aquelles dades personals que consideris inexactes i que et concerneixin, i que siguin objecte de tractament per part de T\u00fanels, o fins i tot a demanar-ne la supressi\u00f3 quan, entre d&#8217;altres motius, les dades ja no siguin necess\u00e0ries per als fins per als quals van ser recollides.<\/li>\n<li><strong>Demanar la limitaci\u00f3 del tractament de les teves dades:\u00a0<\/strong>en determinades circumst\u00e0ncies, tindr\u00e0s dret a demanar-nos la limitaci\u00f3 del tractament de les teves dades. En aquest cas, t\u2019informem que nom\u00e9s les conservarem per a l&#8217;exercici o defensa de reclamacions, tal com preveu el Reglament General de Protecci\u00f3 de Dades.<\/li>\n<li><strong>A la portabilitat de les teves dades:\u00a0<\/strong>en determinades circumst\u00e0ncies, tindr\u00e0s dret a rebre les dades personals que t\u2019incumbeixin, i que ens hagis facilitat, en un format estructurat d&#8217;\u00fas com\u00fa i lectura mec\u00e0nica, i a transmetre-les a un altre responsable del tractament.<\/li>\n<li><strong>Oposar-te al tractament de les teves dades:\u00a0<\/strong>en determinades circumst\u00e0ncies, i per motius relacionats amb la teva situaci\u00f3 particular, tindr\u00e0s dret a oposar-te al tractament de les teves dades. En aquest cas deixar\u00edem de tractar-les, excepte per motius leg\u00edtims imperiosos, o l&#8217;exercici o la defensa de possibles reclamacions.<\/li>\n<\/ul>\n<p>Aix\u00ed mateix, tens dret en qualsevol moment a oposar-te a l\u2019enviament de publicitat per mitjans electr\u00f2nics, tant pr\u00f2pia com de tercers, i a retirar qualsevol dels teus consentiments, sense que aix\u00f2 afecti al tractament previ basat en aquell consentiment. Podr\u00e0s exercir els drets anteriorment descrits, mitjan\u00e7ant la sol\u00b7licitud escrita adre\u00e7ada a T\u00fanels de Barcelona i Cad\u00ed, Concession\u00e0ria de la Generalitat de Catalunya, S.A., al domicili postal Carretera de Vallvidrera a Sant Cugat, BV-1462, km 5,3 &#8211; 08017 Barcelona, o b\u00e9 enviant un correu electr\u00f2nic a\u00a0<a href=\"mailto:privacitat@tunels.cat\">privacitat@tunels.cat<\/a>, indicant en tots dos casos \u00abPol\u00edtica de Privadesa\u00bb. Si desitges cancel\u00b7lar el teu compte a l\u2019\u00c0rea Clients, pots fer-ho aqu\u00ed:\u00a0<a href=\"https:\/\/www.autopistas.com\/?page_id=26185\">cance.lar compte<\/a>. Recorda que per a cancel\u00b7lar el teu compte has d\u2019estar registrat. Finalment, t\u2019informem que pots presentar una reclamaci\u00f3 davant l&#8217;Ag\u00e8ncia Espanyola de Protecci\u00f3 de Dades, especialment si no has obtingut satisfacci\u00f3 en l&#8217;exercici dels teus drets. Pots posar-t\u2019hi en contacte per mitj\u00e0 de la seva p\u00e0gina web:\u00a0<a href=\"http:\/\/www.agpd.es\/\">www.agpd.es<\/a>.[\/vc_column_text][\/vc_accordion_tab][vc_accordion_tab gutter_size=\u00bb2&#8243; column_padding=\u00bb2&#8243; title=\u00bbPOL\u00cdTICA DE COOKIES DE T\u00daNELS DE BARCELONA I CAD\u00cd, CONCESSION\u00c0RIA DE LA GENERALITAT DE CATALUNYA, S.A.\u00bb tab_id=\u00bb1589354861663-2-2&#8243; slug=\u00bbpolitica-de-cookies\u00bb][vc_column_text]<\/p>\n<h3>POL\u00cdTICA DE COOKIES DE T\u00daNELS DE BARCELONA I CAD\u00cd, CONCESSION\u00c0RIA DE LA GENERALITAT DE CATALUNYA, S.A.<\/h3>\n<p>T\u00daNELS DE BARCELONA I CAD\u00cd, CONCESSION\u00c0RIA DE LA GENERALITAT DE CATALUNYA, S.A. (en endavant, el \u201c<strong><em>TITULAR<\/em><\/strong>\u201d) informa, a trav\u00e9s de la present Pol\u00edtica de Cookies, sobre la utilitzaci\u00f3 de dispositius d\u2019 emmagatzematge i recuperaci\u00f3 de dades en equips terminals dels Usuaris.<\/p>\n<p>&nbsp;<\/p>\n<p>1.- Qu\u00e8 s\u00f3n les cookies?<\/p>\n<p>Les cookies s\u00f3n arxius o fitxers que es descarreguen a l\u2019 ordinador\/<em>smartphone<\/em>\/<em>tablet<\/em>\u00a0de l\u2019 Usuari a l\u2019 accedir a determinades p\u00e0gines web i aplicacions que permeten emmagatzemar prefer\u00e8ncies de la navegaci\u00f3 de l\u2019 Usuari, fent que la interacci\u00f3 entre l\u2019 Usuari i el Lloc Web sigui m\u00e9s r\u00e0pida i f\u00e0cil.<\/p>\n<p>La informaci\u00f3 recollida per les cookies \u00e9s an\u00f2nima i no cont\u00e9 cap informaci\u00f3 sensible ja que no recullen dades que puguin identificar personalment l\u2019 Usuari. En qualsevol cas, l\u2019 Usuari podr\u00e0 accedir a la configuraci\u00f3 del seu navegador per a modificar i\/o bloquejar la instal\u00b7laci\u00f3 de les Cookies enviades des del Lloc Web, sense que aix\u00f2 impedeixi l\u2019 acc\u00e9s als continguts.<\/p>\n<p>&nbsp;<\/p>\n<p>2.- Per a qu\u00e8 fa servir el TITULAR les cookies?<\/p>\n<p>El present Lloc Web utilitza cookies per a realitzar un seguiment de les interaccions dels Usuaris amb els serveis oferts al Lloc Web, permetent recon\u00e8ixer el navegador d\u2019 un Usuari, aix\u00ed com el tipus de dispositiu des del que s\u2019 accedeix al Lloc Web, i s\u2019 utilitzen per a facilitar la propera visita de l\u2019 Usuari i fer que el Lloc Web resulti m\u00e9s \u00fatil.<\/p>\n<p>El TITULAR utilitza les cookies per a:<\/p>\n<ul>\n<li>Optimitzar la navegaci\u00f3 de l\u2019 Usuari mitjan\u00e7ant el seguiment de la sessi\u00f3.<\/li>\n<li>Recopilar informaci\u00f3 per a optimitzar la navegaci\u00f3 i millorar el Lloc Web.<\/li>\n<\/ul>\n<p>&nbsp;<\/p>\n<p>3.- Tipus de cookies utilitzades al Lloc Web<\/p>\n<p>El Lloc Web utilitza els seg\u00fcents tipus de cookies:<\/p>\n<ul>\n<li><strong>Obligat\u00f2ries<\/strong>: Cookies estrictament necess\u00e0ries per a prestar un servei o contingut sol\u00b7licitat per l\u2019 usuari. Aquestes s\u2019 encarreguen d\u2019 aspectes t\u00e8cnics com ara identificar registres i gestionar prefer\u00e8ncies d\u2019 eines a l\u2019 \u00fas, interacci\u00f3 i localitzaci\u00f3 de l\u2019 acc\u00e9s als continguts.<\/li>\n<\/ul>\n<p>&nbsp;<\/p>\n<p>&nbsp;<\/p>\n<table width=\"720\">\n<tbody>\n<tr>\n<td width=\"242\"><strong>Nom<\/strong><\/td>\n<td width=\"234\"><strong>Finalitat<\/strong><\/td>\n<td width=\"130\"><strong>Caducitat<\/strong><\/td>\n<td width=\"114\"><strong>Prove\u00efdor<\/strong><\/td>\n<\/tr>\n<tr>\n<td width=\"242\"><strong>PHPSESSID<\/strong><\/td>\n<td width=\"234\">Identifica la sessi\u00f3 de l\u2019 usuari dins del motor de PHP<\/td>\n<td width=\"130\">Al finalitzar la sessi\u00f3 de navegaci\u00f3<\/td>\n<td width=\"114\">PHP<\/td>\n<\/tr>\n<tr>\n<td width=\"242\"><strong>wordpress_test_cookie<\/strong><\/td>\n<td width=\"234\">Aquesta cookie es fa servir per a que el gestor de continguts WordPress comprovi si el navegador t\u00e9 les cookies activades.<\/td>\n<td width=\"130\">Al finalitzar la sessi\u00f3 de navegaci\u00f3<\/td>\n<td width=\"114\">WordPress<\/td>\n<\/tr>\n<tr>\n<td width=\"242\"><strong>_icl_current_language<\/strong><\/td>\n<td width=\"234\">Permet al sistema saber l\u2019 idioma actualment seleccionat al web<\/td>\n<td width=\"130\">1 dia<\/td>\n<td width=\"114\">WordPress<\/td>\n<\/tr>\n<tr>\n<td width=\"242\"><strong>wordpress_logged_in_*<\/strong><\/td>\n<td width=\"234\">Registra la informaci\u00f3 de login de l\u2019 usuari a la web<\/td>\n<td width=\"130\">Al finalitzar la sessi\u00f3 de navegaci\u00f3<\/td>\n<td width=\"114\">WordPress<\/td>\n<\/tr>\n<tr>\n<td width=\"242\"><strong>wordpress_sec_*<\/strong><\/td>\n<td width=\"234\">Registra la informaci\u00f3 de login de l\u2019 usuari a la web nom\u00e9s per a connexions segures<\/td>\n<td width=\"130\">Al finalitzar la sessi\u00f3 de navegaci\u00f3<\/td>\n<td width=\"114\">WordPress<\/td>\n<\/tr>\n<\/tbody>\n<\/table>\n<p>&nbsp;<\/p>\n<ul>\n<li><strong>Estad\u00edstiques\/anal\u00edtiques<\/strong>: Aquestes cookies recullen informaci\u00f3 relativa a l\u2019 \u00fas de la p\u00e0gina com ara la perman\u00e8ncia a la p\u00e0gina i els continguts visitats pels lectors per a mesurar el seu rendiment i millorar la navegaci\u00f3.<\/li>\n<\/ul>\n<p>&nbsp;<\/p>\n<p>Els objectius principals que es persegueixen amb aquest tipus de cookies s\u00f3n:<\/p>\n<ul>\n<li>Permetre la identificaci\u00f3 an\u00f2nima dels Usuaris navegants i per tant la comptabilitzaci\u00f3 aproximada del nombre de visitants.<\/li>\n<li>Identificar de forma an\u00f2nima els continguts m\u00e9s visitats<\/li>\n<li>Saber si l\u2019 Usuari que est\u00e0 accedint \u00e9s nou o repeteix visita.<\/li>\n<\/ul>\n<p>A continuaci\u00f3, es detallen les cookies anal\u00edtiques que s\u2019 utilitzen al Lloc Web:<\/p>\n<p>&nbsp;<\/p>\n<table width=\"720\">\n<tbody>\n<tr>\n<td width=\"124\"><strong>Nom<\/strong><\/td>\n<td width=\"225\"><strong>Finalitat<\/strong><\/td>\n<td width=\"82\"><strong>Caducitat<\/strong><\/td>\n<td width=\"82\"><strong>Prove\u00efdor<\/strong><\/td>\n<\/tr>\n<tr>\n<td width=\"124\">_ga<\/td>\n<td width=\"225\">Usada per Google Analytics per a identificar a l\u2019 usuari de manera \u00fanica<\/td>\n<td width=\"82\">2 anys<\/td>\n<td width=\"82\">Google<\/td>\n<\/tr>\n<tr>\n<td width=\"124\">_gid<\/td>\n<td width=\"225\">Usada per Google Analytics per a rastrejar la navegaci\u00f3 de l\u2019 usuari<\/td>\n<td width=\"82\">1 dia<\/td>\n<td width=\"82\">Google<\/td>\n<\/tr>\n<tr>\n<td width=\"124\">_gat_UA-*<\/td>\n<td width=\"225\">Usada per Google Analytics per a rastrejar la taxa de peticions<\/td>\n<td width=\"82\">10 minuts<\/td>\n<td width=\"82\">Google<\/td>\n<\/tr>\n<\/tbody>\n<\/table>\n<p>&nbsp;<\/p>\n<p>4.- Com deshabilitar les cookies?<\/p>\n<p>Aquelles cookies que no siguin obligat\u00f2ries per a la navegaci\u00f3 del present Lloc Web podran deshabilitar-se a la configuraci\u00f3 del Lloc Web.<\/p>\n<p>Aquests ajustaments es troben al peu de p\u00e0gina del Lloc Web. A m\u00e9s, tots els navegadors permeten fer canvis per a desactivar la configuraci\u00f3 de les cookies.<\/p>\n<p>Aquest \u00e9s el motiu pel que la majoria de navegadors ofereixen la possibilitat d\u2019 administrar les cookies, per a obtenir un control m\u00e9s prec\u00eds sobre la privacitat.<\/p>\n<p>Aquests ajustaments es troben ubicats a les \u00abopcions\u00bb o \u00abprefer\u00e8ncies\u00bb del men\u00fa del seu navegador.<\/p>\n<p>A continuaci\u00f3, podr\u00e0 trobar els links de cada navegador per a deshabilitar les cookies seguint les instruccions:<\/p>\n<ul>\n<li>Internet Explorer (<a href=\"https:\/\/goo.gl\/iU2wh2\">https:\/\/goo.gl\/iU2wh2<\/a>\u00a0)\n<ul>\n<li>Al men\u00fa d\u2019 eines, seleccioneu \u201cOpcions d\u2019 Internet\u201d.<\/li>\n<li>Feu clic a la pestanya de privacitat.<\/li>\n<li>Podreu configurar la privacitat amb un cursor amb sis posicions que us permet controlar la quantitat de cookies que s\u2019 hi instal\u00b7laran: Bloquegeu totes les cookies, Alta, Mitj\u00e0 Alt, Mitj\u00e0 (nivell per defecte), Baixa i Acceptar totes les cookies.<\/li>\n<\/ul>\n<\/li>\n<li>Mozilla Firefox (<a href=\"http:\/\/goo.gl\/QXWYmv\">http:\/\/goo.gl\/QXWYmv<\/a>)<\/li>\n<\/ul>\n<ul>\n<li style=\"list-style-type: none;\">\n<ul>\n<li>A la part superior de la finestra de Firefox feu clic al men\u00fa Eines.<\/li>\n<li>Seleccioneu Opcions.<\/li>\n<li>Seleccioneu el panell Privacitat.<\/li>\n<li>A l\u2019 opci\u00f3 Firefox podreu triar Usar una configuraci\u00f3 personalitzada del vostre historial, aix\u00ed com altres q\u00fcestions relacionades amb la vostra Privacitat.<\/li>\n<\/ul>\n<\/li>\n<li>Google Chrome (<a href=\"http:\/\/goo.gl\/fQnkSB\">http:\/\/goo.gl\/fQnkSB<\/a>)\n<ul>\n<li>Feu clic al men\u00fa situat a la barra d\u2019 eines.<\/li>\n<li>Seleccioneu Configuraci\u00f3.<\/li>\n<li>Feu clic a Mostrar opcions avan\u00e7ades.<\/li>\n<li>A la selecci\u00f3 \u201cPrivacitat\u201d feu clic al bot\u00f3 Configuraci\u00f3 de contingut.<\/li>\n<li>A la selecci\u00f3 de Cookies, es poden configurar les opcions.<\/li>\n<\/ul>\n<\/li>\n<li>Safari (<a href=\"https:\/\/goo.gl\/PCjEm3\">https:\/\/goo.gl\/PcjEm3<\/a>;\u00a0<a href=\"https:\/\/goo.gl\/dQywEo)\">https:\/\/goo.gl\/dQywEo)<\/a>\n<ul>\n<li>Al men\u00fa de configuraci\u00f3 seleccioneu l\u2019 opci\u00f3 de \u201cPrefer\u00e8ncies\u201d.<\/li>\n<li>Obriu la pestanya de privacitat.<\/li>\n<li>Seleccioneu l\u2019 opci\u00f3n que vulgueu de la secci\u00f3 de \u201cbloquejar cookies\u201d.<\/li>\n<li>Recordeu que certes funcions i la plena funcionalitat del Lloc Web poden no estar disponibles despr\u00e9s de deshabilitar les cookies.<\/li>\n<\/ul>\n<\/li>\n<\/ul>\n<p>Si no desitgeu ser rastrejat per les cookies, Google ha desenvolupat un complement per a instal\u00b7lar al seu navegador al que hi pot accedir al seg\u00fcent enlla\u00e7: \u00a0<a href=\"http:\/\/goo.gl\/up4ND\">http:\/\/goo.gl\/up4ND<\/a>.<\/p>\n<p>&nbsp;<\/p>\n<p>5.- Cookies als dispositius m\u00f2bils<\/p>\n<p>El titular del Lloc Web tamb\u00e9 usa cookies o altres dispositius d\u2019 emmagatzematge en dispositius m\u00f2bils.<\/p>\n<p>Aquelles cookies que no siguin obligat\u00f2ries per a la navegaci\u00f3 del present Lloc Web podran deshabilitar-se a la configuraci\u00f3 del Lloc Web.<\/p>\n<p>Aquests ajustaments es troben al peu de p\u00e0gina del Lloc Web. A m\u00e9s, tal i com succeeix als navegadors d\u2019 ordenadors, els navegadors dels dispositius m\u00f2bils permeten realitzar canvis a les opcions o ajustaments de privacitat per a desactivar o eliminar les cookies.<\/p>\n<p>Si desitgeu modificar les opcions de privacitat seguiu les instruccions especificades pel desenvolupador del seu navegador per a dispositiu m\u00f2bil.<\/p>\n<p>A continuaci\u00f3, podreu trobar alguns exemples dels links que us guiaran per a modificar les opcions de privacitat al vostre dispositiu m\u00f2bil:<\/p>\n<ul>\n<li>IOS: (<a href=\"http:\/\/goo.gl\/61xevS\">http:\/\/goo.gl\/61xevS<\/a>)<\/li>\n<li>Windows Phone: (<a href=\"https:\/\/goo.gl\/tKyb0y\">https:\/\/goo.gl\/tKyb0y<\/a>)<\/li>\n<li>Chrome Mobile: (<a href=\"http:\/\/goo.gl\/XJp7N\">http:\/\/goo.gl\/XJp7N<\/a>)<\/li>\n<li>Opera Mobile: (<a href=\"http:\/\/goo.gl\/Nzr8s7)\">http:\/\/goo.gl\/Nzr8s7)<\/a><\/li>\n<\/ul>\n<p>&nbsp;<\/p>\n<p>6.- Acceptaci\u00f3 de cookies<\/p>\n<p>El present lloc web no instal\u00b7la les nostres cookies als dispositius dels Usuaris fins que aquests hagin acceptat la instal\u00b7laci\u00f3 de les mateixes.<\/p>\n<p>Us informem que en el cas de no acceptar la instal\u00b7laci\u00f3 de cookies o de deshabilitar alguna d\u2019 aquestes a la configuraci\u00f3, \u00e9s possible que certs serveis no estiguin disponibles sense la utilitzaci\u00f3 d\u2019 aquestes o que no pugueu accedir a determinats serveis ni tampoc aprofitar per complet tot all\u00f2 que aquest Lloc Web us ofereix.[\/vc_column_text][\/vc_accordion_tab][vc_accordion_tab title=\u00bbVIDEOVIGIL\u00c0NCIA\u00bb tab_id=\u00bb1589355368425-3-8&#8243; slug=\u00bbvideovigilancia-2&#8243;][vc_column_text]Les dades personals que obtenim per mitj\u00e0 del sistema de videovigil\u00e0ncia s\u00f3n tractades per T\u00fanels de Barcelona i Cad\u00ed (\u201cT\u00fanels\u201d), on es troba el sistema de videovigil\u00e0ncia. La seva denominaci\u00f3 social i el domicili s\u00f3n els seg\u00fcents:<\/p>\n<ul>\n<li>T\u00fanels de Barcelona i Cad\u00ed, Concession\u00e0ria de la Generalitat de Catalunya, S.A. (T\u00fanels), amb domicili social a Carretera de Vallvidrera a Sant Cugat, BV-1462, km 5,3 &#8211; 08017 Barcelona.<\/li>\n<\/ul>\n<p>Les finalitats del tractament d\u2019 aquestes dades s\u00f3n:<\/p>\n<ul>\n<li>Control i vigil\u00e0ncia de l\u2019 estat del tr\u00e0nsit.<\/li>\n<li>Videovigil\u00e0ncia i control d\u2019 acc\u00e9s a instal\u00b7lacions i zones restringides.<\/li>\n<li>Control del peatge.<\/li>\n<\/ul>\n<p>La base legal per al tractament de les teves dades \u00e9s l\u2019inter\u00e8s leg\u00edtim de T\u00fanels. Les dades personals es conservaran durant un termini m\u00e0xim de 30 dies, llevat que sigui necessari complir les obligacions legals que, en cada cas, correspongui. Pots exercir els teus drets d\u2019acc\u00e9s, rectificaci\u00f3, cancel\u00b7laci\u00f3, limitaci\u00f3, oposici\u00f3, supressi\u00f3 i la portabilitat de les teves dades personals mitjan\u00e7ant sol\u00b7licitud escrita, adre\u00e7ant-te per escrit a T\u00fanels, a <a href=\"mailto:privacitat@tunels.cat\">privacitat@tunels.cat<\/a> o a Atenci\u00f3 al Client, Carretera de Vallvidrera a Sant Cugat, BV-1462, km 5,3 &#8211; 08017 Barcelona (Ref. Dades Personals), acreditant la teva identitat, mitjan\u00e7ant una c\u00f2pia del teu DNI o un altre document similar o equivalent, indicant el dret que vols exercir. A m\u00e9s, per obtenir m\u00e9s informaci\u00f3, pots contactar amb el nostre Delegat de Protecci\u00f3 de Dades mitjan\u00e7ant escrit adre\u00e7at a <a href=\"mailto:privacitat@tunels.cat\">privacitat@tunels.cat<\/a>. Finalment, t\u2019informem que pots presentar una reclamaci\u00f3 davant l\u2019Ag\u00e8ncia Espanyola de Protecci\u00f3 de Dades.[\/vc_column_text][\/vc_accordion_tab][\/vc_accordion][vc_button button_color=\u00bbcolor-569169&#8243; radius=\u00bbbtn-round\u00bb border_width=\u00bb0&#8243; link=\u00bburl:http%3A%2F%2Fdev.tunels.cat%2Fwp-content%2Fuploads%2F2020%2F02%2FDDS_DeclaracionDominioSETv1_TUNELS.pdf||target:%20_blank|rel:nofollow\u00bb]Descarrega la declaraci\u00f3 del domini SET[\/vc_button][\/vc_column][\/vc_row]<\/p>\n<\/div>","protected":false},"excerpt":{"rendered":"<p>[vc_row row_height_percent=\u00bb0&#8243; overlay_alpha=\u00bb50&#8243; gutter_size=\u00bb3&#8243; column_width_percent=\u00bb100&#8243; shift_y=\u00bb0&#8243; z_index=\u00bb0&#8243; medium_visibility=\u00bbyes\u00bb mobile_visibility=\u00bbyes\u00bb][vc_column column_width_percent=\u00bb100&#8243; gutter_size=\u00bb3&#8243; overlay_alpha=\u00bb50&#8243; shift_x=\u00bb0&#8243; shift_y=\u00bb0&#8243; shift_y_down=\u00bb0&#8243; z_index=\u00bb0&#8243; medium_width=\u00bb0&#8243; mobile_width=\u00bb0&#8243; width=\u00bb1\/1&#8243;][vc_tabs vertical=\u00bbyes\u00bb [&hellip;]<\/p>\n","protected":false},"author":1,"featured_media":0,"parent":0,"menu_order":0,"comment_status":"closed","ping_status":"closed","template":"","meta":{"footnotes":""},"_links":{"self":[{"href":"https:\/\/tunels.cat\/es\/wp-json\/wp\/v2\/pages\/83667"}],"collection":[{"href":"https:\/\/tunels.cat\/es\/wp-json\/wp\/v2\/pages"}],"about":[{"href":"https:\/\/tunels.cat\/es\/wp-json\/wp\/v2\/types\/page"}],"author":[{"embeddable":true,"href":"https:\/\/tunels.cat\/es\/wp-json\/wp\/v2\/users\/1"}],"replies":[{"embeddable":true,"href":"https:\/\/tunels.cat\/es\/wp-json\/wp\/v2\/comments?post=83667"}],"version-history":[{"count":24,"href":"https:\/\/tunels.cat\/es\/wp-json\/wp\/v2\/pages\/83667\/revisions"}],"predecessor-version":[{"id":120871,"href":"https:\/\/tunels.cat\/es\/wp-json\/wp\/v2\/pages\/83667\/revisions\/120871"}],"wp:attachment":[{"href":"https:\/\/tunels.cat\/es\/wp-json\/wp\/v2\/media?parent=83667"}],"curies":[{"name":"wp","href":"https:\/\/api.w.org\/{rel}","templated":true}]}}